{"id":190,"date":"2021-11-24T18:37:18","date_gmt":"2021-11-24T18:37:18","guid":{"rendered":"https:\/\/ampacalamonte.es\/?page_id=190"},"modified":"2022-09-05T18:12:19","modified_gmt":"2022-09-05T18:12:19","slug":"inicio-2-2-2","status":"publish","type":"page","link":"https:\/\/ampacalamonte.es\/?page_id=190","title":{"rendered":"PROGRAMAS y EVENTOS"},"content":{"rendered":"\t\t<div data-elementor-type=\"wp-page\" data-elementor-id=\"190\" class=\"elementor elementor-190\" data-elementor-post-type=\"page\">\n\t\t\t\t\t\t<section class=\"elementor-section elementor-top-section elementor-element elementor-element-530958b elementor-section-boxed elementor-section-height-default elementor-section-height-default\" data-id=\"530958b\" data-element_type=\"section\" data-e-type=\"section\">\n\t\t\t\t\t\t<div class=\"elementor-container elementor-column-gap-narrow\">\n\t\t\t\t\t<div class=\"elementor-column elementor-col-100 elementor-top-column elementor-element elementor-element-7be50b7\" data-id=\"7be50b7\" data-element_type=\"column\" data-e-type=\"column\" data-settings=\"{&quot;background_background&quot;:&quot;classic&quot;}\">\n\t\t\t<div class=\"elementor-widget-wrap elementor-element-populated\">\n\t\t\t\t\t\t<div class=\"elementor-element elementor-element-830a061 elementor-widget elementor-widget-heading\" data-id=\"830a061\" data-element_type=\"widget\" data-e-type=\"widget\" data-widget_type=\"heading.default\">\n\t\t\t\t<div class=\"elementor-widget-container\">\n\t\t\t\t\t<h2 class=\"elementor-heading-title elementor-size-default\">PROGRAMAS y EVENTOS<\/h2>\t\t\t\t<\/div>\n\t\t\t\t<\/div>\n\t\t\t\t<div class=\"elementor-element elementor-element-646b89e elementor-grid-2 elementor-grid-tablet-2 elementor-grid-mobile-1 elementor-posts--thumbnail-top elementor-widget elementor-widget-posts\" data-id=\"646b89e\" data-element_type=\"widget\" data-e-type=\"widget\" data-settings=\"{&quot;classic_columns&quot;:&quot;2&quot;,&quot;classic_columns_tablet&quot;:&quot;2&quot;,&quot;classic_columns_mobile&quot;:&quot;1&quot;,&quot;classic_row_gap&quot;:{&quot;unit&quot;:&quot;px&quot;,&quot;size&quot;:35,&quot;sizes&quot;:[]},&quot;classic_row_gap_tablet&quot;:{&quot;unit&quot;:&quot;px&quot;,&quot;size&quot;:&quot;&quot;,&quot;sizes&quot;:[]},&quot;classic_row_gap_mobile&quot;:{&quot;unit&quot;:&quot;px&quot;,&quot;size&quot;:&quot;&quot;,&quot;sizes&quot;:[]}}\" data-widget_type=\"posts.classic\">\n\t\t\t\t<div class=\"elementor-widget-container\">\n\t\t\t\t\t\t\t<div class=\"elementor-posts-container elementor-posts elementor-posts--skin-classic elementor-grid\" role=\"list\">\n\t\t\t\t<article class=\"elementor-post elementor-grid-item post-1971 post type-post status-publish format-standard has-post-thumbnail hentry category-eventos category-noticias\" role=\"listitem\">\n\t\t\t\t<a class=\"elementor-post__thumbnail__link\" href=\"https:\/\/ampacalamonte.es\/?p=1971\" tabindex=\"-1\" >\n\t\t\t<div class=\"elementor-post__thumbnail\"><img fetchpriority=\"high\" decoding=\"async\" width=\"300\" height=\"185\" src=\"https:\/\/ampacalamonte.es\/wp-content\/uploads\/2026\/05\/CARATULA_web-2-300x185.jpeg\" class=\"attachment-medium size-medium wp-image-1980\" alt=\"\" srcset=\"https:\/\/ampacalamonte.es\/wp-content\/uploads\/2026\/05\/CARATULA_web-2-300x185.jpeg 300w, https:\/\/ampacalamonte.es\/wp-content\/uploads\/2026\/05\/CARATULA_web-2-768x475.jpeg 768w, https:\/\/ampacalamonte.es\/wp-content\/uploads\/2026\/05\/CARATULA_web-2.jpeg 783w\" sizes=\"(max-width: 300px) 100vw, 300px\" \/><\/div>\n\t\t<\/a>\n\t\t\t\t<div class=\"elementor-post__text\">\n\t\t\t\t<h3 class=\"elementor-post__title\">\n\t\t\t<a href=\"https:\/\/ampacalamonte.es\/?p=1971\" >\n\t\t\t\tDiverCAMPUS 2026\t\t\t<\/a>\n\t\t<\/h3>\n\t\t\t\t<div class=\"elementor-post__meta-data\">\n\t\t\t\t\t<span class=\"elementor-post-date\">\n\t\t\t14\/05\/2026\t\t<\/span>\n\t\t\t\t<\/div>\n\t\t\t\t<div class=\"elementor-post__excerpt\">\n\t\t\t<p>DiverCAMPUS 2026 Abiertas inscripciones: Empadronados en Calamonte y CEIP \u00abSan Jos\u00e9\u00bb: desde el 4\/MAYO\/2026 Resto de Municipios y otros CEIP: desde el lunes 18\/MAYO\/2026\u00a0 (plazas limitadas) Cierre de inscripciones: 5\/JUN2026 &nbsp; Toda la Informaci\u00f3n en<\/p>\n\t\t<\/div>\n\t\t\n\t\t<a class=\"elementor-post__read-more\" href=\"https:\/\/ampacalamonte.es\/?p=1971\" aria-label=\"Read more about DiverCAMPUS 2026\" tabindex=\"-1\" >\n\t\t\tLeer m\u00e1s \u00bb\t\t<\/a>\n\n\t\t\t\t<\/div>\n\t\t\t\t<\/article>\n\t\t\t\t<article class=\"elementor-post elementor-grid-item post-1901 post type-post status-publish format-standard has-post-thumbnail hentry category-eventos category-noticias\" role=\"listitem\">\n\t\t\t\t<a class=\"elementor-post__thumbnail__link\" href=\"https:\/\/ampacalamonte.es\/?p=1901\" tabindex=\"-1\" >\n\t\t\t<div class=\"elementor-post__thumbnail\"><img decoding=\"async\" width=\"300\" height=\"99\" src=\"https:\/\/ampacalamonte.es\/wp-content\/uploads\/2025\/05\/02_CARATULA_VENTANA-300x99.jpg\" class=\"attachment-medium size-medium wp-image-1906\" alt=\"\" srcset=\"https:\/\/ampacalamonte.es\/wp-content\/uploads\/2025\/05\/02_CARATULA_VENTANA-300x99.jpg 300w, https:\/\/ampacalamonte.es\/wp-content\/uploads\/2025\/05\/02_CARATULA_VENTANA-768x253.jpg 768w, https:\/\/ampacalamonte.es\/wp-content\/uploads\/2025\/05\/02_CARATULA_VENTANA.jpg 890w\" sizes=\"(max-width: 300px) 100vw, 300px\" \/><\/div>\n\t\t<\/a>\n\t\t\t\t<div class=\"elementor-post__text\">\n\t\t\t\t<h3 class=\"elementor-post__title\">\n\t\t\t<a href=\"https:\/\/ampacalamonte.es\/?p=1901\" >\n\t\t\t\t\u00a1DiverCampus 2025!\t\t\t<\/a>\n\t\t<\/h3>\n\t\t\t\t<div class=\"elementor-post__meta-data\">\n\t\t\t\t\t<span class=\"elementor-post-date\">\n\t\t\t08\/05\/2025\t\t<\/span>\n\t\t\t\t<\/div>\n\t\t\t\t<div class=\"elementor-post__excerpt\">\n\t\t\t<p>Del 23 de JUNIO al 31 de AGOSTO de 2025 &#8212; &#8212; &#8212; &#8212; &#8212; &#8212; &#8212; &#8212; &#8212; Toda la INFORMACI\u00d3N en el Documento PDF siguiente: INFO_DIVERCampus_2025 INFO_DIVERCampus_2025 &#8212; &#8212; &#8212; &#8212; &#8212; &#8212;<\/p>\n\t\t<\/div>\n\t\t\n\t\t<a class=\"elementor-post__read-more\" href=\"https:\/\/ampacalamonte.es\/?p=1901\" aria-label=\"Read more about \u00a1DiverCampus 2025!\" tabindex=\"-1\" >\n\t\t\tLeer m\u00e1s \u00bb\t\t<\/a>\n\n\t\t\t\t<\/div>\n\t\t\t\t<\/article>\n\t\t\t\t<article class=\"elementor-post elementor-grid-item post-1888 post type-post status-publish format-standard has-post-thumbnail hentry category-eventos category-noticias\" role=\"listitem\">\n\t\t\t\t<a class=\"elementor-post__thumbnail__link\" href=\"https:\/\/ampacalamonte.es\/?p=1888\" tabindex=\"-1\" >\n\t\t\t<div class=\"elementor-post__thumbnail\"><img decoding=\"async\" width=\"225\" height=\"300\" src=\"https:\/\/ampacalamonte.es\/wp-content\/uploads\/2024\/11\/IMG_06-225x300.jpg\" class=\"attachment-medium size-medium wp-image-1895\" alt=\"\" srcset=\"https:\/\/ampacalamonte.es\/wp-content\/uploads\/2024\/11\/IMG_06-225x300.jpg 225w, https:\/\/ampacalamonte.es\/wp-content\/uploads\/2024\/11\/IMG_06-768x1024.jpg 768w, https:\/\/ampacalamonte.es\/wp-content\/uploads\/2024\/11\/IMG_06-1152x1536.jpg 1152w, https:\/\/ampacalamonte.es\/wp-content\/uploads\/2024\/11\/IMG_06.jpg 1200w\" sizes=\"(max-width: 225px) 100vw, 225px\" \/><\/div>\n\t\t<\/a>\n\t\t\t\t<div class=\"elementor-post__text\">\n\t\t\t\t<h3 class=\"elementor-post__title\">\n\t\t\t<a href=\"https:\/\/ampacalamonte.es\/?p=1888\" >\n\t\t\t\tCabalgata RRMM: Carroza AMPA\t\t\t<\/a>\n\t\t<\/h3>\n\t\t\t\t<div class=\"elementor-post__meta-data\">\n\t\t\t\t\t<span class=\"elementor-post-date\">\n\t\t\t28\/11\/2024\t\t<\/span>\n\t\t\t\t<\/div>\n\t\t\t\t<div class=\"elementor-post__excerpt\">\n\t\t\t<p>Estimadas Familias de la AMPA: Este a\u00f1o nos unimos a la Cabalgata de Reyes con una Carroza de nuestra Asociaci\u00f3n, exclusiva para Familias de la AMPA. Si quieres participar, aqu\u00ed te dejamos unos V\u00cdDEOS de<\/p>\n\t\t<\/div>\n\t\t\n\t\t<a class=\"elementor-post__read-more\" href=\"https:\/\/ampacalamonte.es\/?p=1888\" aria-label=\"Read more about Cabalgata RRMM: Carroza AMPA\" tabindex=\"-1\" >\n\t\t\tLeer m\u00e1s \u00bb\t\t<\/a>\n\n\t\t\t\t<\/div>\n\t\t\t\t<\/article>\n\t\t\t\t<article class=\"elementor-post elementor-grid-item post-1874 post type-post status-publish format-standard has-post-thumbnail hentry category-eventos category-noticias\" role=\"listitem\">\n\t\t\t\t<a class=\"elementor-post__thumbnail__link\" href=\"https:\/\/ampacalamonte.es\/?p=1874\" tabindex=\"-1\" >\n\t\t\t<div class=\"elementor-post__thumbnail\"><img loading=\"lazy\" decoding=\"async\" width=\"300\" height=\"93\" src=\"https:\/\/ampacalamonte.es\/wp-content\/uploads\/2024\/10\/AYTO_AMPA_Ambos_GOOGLEForms-300x93.png\" class=\"attachment-medium size-medium wp-image-1875\" alt=\"\" srcset=\"https:\/\/ampacalamonte.es\/wp-content\/uploads\/2024\/10\/AYTO_AMPA_Ambos_GOOGLEForms-300x93.png 300w, https:\/\/ampacalamonte.es\/wp-content\/uploads\/2024\/10\/AYTO_AMPA_Ambos_GOOGLEForms-1024x318.png 1024w, https:\/\/ampacalamonte.es\/wp-content\/uploads\/2024\/10\/AYTO_AMPA_Ambos_GOOGLEForms-768x239.png 768w, https:\/\/ampacalamonte.es\/wp-content\/uploads\/2024\/10\/AYTO_AMPA_Ambos_GOOGLEForms-1536x477.png 1536w, https:\/\/ampacalamonte.es\/wp-content\/uploads\/2024\/10\/AYTO_AMPA_Ambos_GOOGLEForms.png 1786w\" sizes=\"(max-width: 300px) 100vw, 300px\" \/><\/div>\n\t\t<\/a>\n\t\t\t\t<div class=\"elementor-post__text\">\n\t\t\t\t<h3 class=\"elementor-post__title\">\n\t\t\t<a href=\"https:\/\/ampacalamonte.es\/?p=1874\" >\n\t\t\t\tDIVER Casta\u00f1\u00e1 (2024) &#8211; 17:00-23:00 h\t\t\t<\/a>\n\t\t<\/h3>\n\t\t\t\t<div class=\"elementor-post__meta-data\">\n\t\t\t\t\t<span class=\"elementor-post-date\">\n\t\t\t24\/10\/2024\t\t<\/span>\n\t\t\t\t<\/div>\n\t\t\t\t<div class=\"elementor-post__excerpt\">\n\t\t\t<p>S\u00c1BADO, 9-NOV\u00a0 \u00a0|\u00a0 \u00a017:00\u00a0a\u00a023:00 h Inscripciones:\u00a0Hasta el 31-OCTUBRE: \u00daltimo d\u00eda, cierre de Formularios. ENLACE FORMULARIO:\u00a0 https:\/\/forms.gle\/e2bkRHviMaqD4cTN9 INFORMACI\u00d3N IMPORTANTE: &#8211; La hora de ENTRADA es a partir de las\u00a017:00\u00a0h. &#8211; IMPORTANTE: La hora de SALIDA es\u00a0a<\/p>\n\t\t<\/div>\n\t\t\n\t\t<a class=\"elementor-post__read-more\" href=\"https:\/\/ampacalamonte.es\/?p=1874\" aria-label=\"Read more about DIVER Casta\u00f1\u00e1 (2024) &#8211; 17:00-23:00 h\" tabindex=\"-1\" >\n\t\t\tLeer m\u00e1s \u00bb\t\t<\/a>\n\n\t\t\t\t<\/div>\n\t\t\t\t<\/article>\n\t\t\t\t<article class=\"elementor-post elementor-grid-item post-1805 post type-post status-publish format-standard has-post-thumbnail hentry category-eventos category-noticias\" role=\"listitem\">\n\t\t\t\t<a class=\"elementor-post__thumbnail__link\" href=\"https:\/\/ampacalamonte.es\/?p=1805\" tabindex=\"-1\" >\n\t\t\t<div class=\"elementor-post__thumbnail\"><img loading=\"lazy\" decoding=\"async\" width=\"225\" height=\"300\" src=\"https:\/\/ampacalamonte.es\/wp-content\/uploads\/2024\/09\/IMG-20240612-WA0015-225x300.jpg\" class=\"attachment-medium size-medium wp-image-1811\" alt=\"\" srcset=\"https:\/\/ampacalamonte.es\/wp-content\/uploads\/2024\/09\/IMG-20240612-WA0015-225x300.jpg 225w, https:\/\/ampacalamonte.es\/wp-content\/uploads\/2024\/09\/IMG-20240612-WA0015-768x1024.jpg 768w, https:\/\/ampacalamonte.es\/wp-content\/uploads\/2024\/09\/IMG-20240612-WA0015-1152x1536.jpg 1152w, https:\/\/ampacalamonte.es\/wp-content\/uploads\/2024\/09\/IMG-20240612-WA0015.jpg 1536w\" sizes=\"(max-width: 225px) 100vw, 225px\" \/><\/div>\n\t\t<\/a>\n\t\t\t\t<div class=\"elementor-post__text\">\n\t\t\t\t<h3 class=\"elementor-post__title\">\n\t\t\t<a href=\"https:\/\/ampacalamonte.es\/?p=1805\" >\n\t\t\t\tFinaliza el DiverCAMPUS 2024\t\t\t<\/a>\n\t\t<\/h3>\n\t\t\t\t<div class=\"elementor-post__meta-data\">\n\t\t\t\t\t<span class=\"elementor-post-date\">\n\t\t\t02\/09\/2024\t\t<\/span>\n\t\t\t\t<\/div>\n\t\t\t\t<div class=\"elementor-post__excerpt\">\n\t\t\t<p>\u00a1\u00a1Compartimos algunos V\u00cdDEOS!! &gt;&gt; Queremos dar las GRACIAS a todas las Familias que hab\u00e9is confiado en el el DIVERCampus y a todos los MONITORES y Ayudantes que han cuidado de nuestros hij@s este verano. Gracias<\/p>\n\t\t<\/div>\n\t\t\n\t\t<a class=\"elementor-post__read-more\" href=\"https:\/\/ampacalamonte.es\/?p=1805\" aria-label=\"Read more about Finaliza el DiverCAMPUS 2024\" tabindex=\"-1\" >\n\t\t\tLeer m\u00e1s \u00bb\t\t<\/a>\n\n\t\t\t\t<\/div>\n\t\t\t\t<\/article>\n\t\t\t\t<article class=\"elementor-post elementor-grid-item post-1789 post type-post status-publish format-standard has-post-thumbnail hentry category-eventos category-noticias\" role=\"listitem\">\n\t\t\t\t<a class=\"elementor-post__thumbnail__link\" href=\"https:\/\/ampacalamonte.es\/?p=1789\" tabindex=\"-1\" >\n\t\t\t<div class=\"elementor-post__thumbnail\"><img loading=\"lazy\" decoding=\"async\" width=\"300\" height=\"208\" src=\"https:\/\/ampacalamonte.es\/wp-content\/uploads\/2024\/09\/ed0a5d69-4b2e-4e7b-b578-61be4bb5bda4-300x208.jpg\" class=\"attachment-medium size-medium wp-image-1792\" alt=\"\" srcset=\"https:\/\/ampacalamonte.es\/wp-content\/uploads\/2024\/09\/ed0a5d69-4b2e-4e7b-b578-61be4bb5bda4-300x208.jpg 300w, https:\/\/ampacalamonte.es\/wp-content\/uploads\/2024\/09\/ed0a5d69-4b2e-4e7b-b578-61be4bb5bda4-1024x708.jpg 1024w, https:\/\/ampacalamonte.es\/wp-content\/uploads\/2024\/09\/ed0a5d69-4b2e-4e7b-b578-61be4bb5bda4-768x531.jpg 768w, https:\/\/ampacalamonte.es\/wp-content\/uploads\/2024\/09\/ed0a5d69-4b2e-4e7b-b578-61be4bb5bda4-1536x1063.jpg 1536w, https:\/\/ampacalamonte.es\/wp-content\/uploads\/2024\/09\/ed0a5d69-4b2e-4e7b-b578-61be4bb5bda4.jpg 1561w\" sizes=\"(max-width: 300px) 100vw, 300px\" \/><\/div>\n\t\t<\/a>\n\t\t\t\t<div class=\"elementor-post__text\">\n\t\t\t\t<h3 class=\"elementor-post__title\">\n\t\t\t<a href=\"https:\/\/ampacalamonte.es\/?p=1789\" >\n\t\t\t\tDiverFIESTA 2024 &#8211; I Convivencia Familias AMPA\t\t\t<\/a>\n\t\t<\/h3>\n\t\t\t\t<div class=\"elementor-post__meta-data\">\n\t\t\t\t\t<span class=\"elementor-post-date\">\n\t\t\t01\/07\/2024\t\t<\/span>\n\t\t\t\t<\/div>\n\t\t\t\t<div class=\"elementor-post__excerpt\">\n\t\t\t<p>\u00a1Compartimos los V\u00cdDEOS!\u00a0&#8211; GRACIAS a todas las Familias de la AMPA por la m\u00e1gica noche que pudimos disfrutar en la I Convivencia de FAMILIAS AMPA del s\u00e1bado 29\/06\/2024, con especial agradecimiento al AYTO. de Calamonte<\/p>\n\t\t<\/div>\n\t\t\n\t\t<a class=\"elementor-post__read-more\" href=\"https:\/\/ampacalamonte.es\/?p=1789\" aria-label=\"Read more about DiverFIESTA 2024 &#8211; I Convivencia Familias AMPA\" tabindex=\"-1\" >\n\t\t\tLeer m\u00e1s \u00bb\t\t<\/a>\n\n\t\t\t\t<\/div>\n\t\t\t\t<\/article>\n\t\t\t\t<article class=\"elementor-post elementor-grid-item post-1801 post type-post status-publish format-standard has-post-thumbnail hentry category-eventos category-noticias\" role=\"listitem\">\n\t\t\t\t<a class=\"elementor-post__thumbnail__link\" href=\"https:\/\/ampacalamonte.es\/?p=1801\" tabindex=\"-1\" >\n\t\t\t<div class=\"elementor-post__thumbnail\"><img loading=\"lazy\" decoding=\"async\" width=\"133\" height=\"64\" src=\"https:\/\/ampacalamonte.es\/wp-content\/uploads\/2024\/09\/LogoWarner.png\" class=\"attachment-medium size-medium wp-image-1803\" alt=\"\" \/><\/div>\n\t\t<\/a>\n\t\t\t\t<div class=\"elementor-post__text\">\n\t\t\t\t<h3 class=\"elementor-post__title\">\n\t\t\t<a href=\"https:\/\/ampacalamonte.es\/?p=1801\" >\n\t\t\t\t\t\t\t<\/a>\n\t\t<\/h3>\n\t\t\t\t<div class=\"elementor-post__meta-data\">\n\t\t\t\t\t<span class=\"elementor-post-date\">\n\t\t\t01\/06\/2024\t\t<\/span>\n\t\t\t\t<\/div>\n\t\t\t\t<div class=\"elementor-post__excerpt\">\n\t\t\t<p>&nbsp; \u00a0 Fecha del viaje:\u00a0\u00a0\u00a0\u00a0\u00a0\u00a0\u00a0\u00a0\u00a0\u00a0\u00a0\u00a0\u00a0\u00a0\u00a0\u00a0\u00a0\u00a0\u00a0\u00a0\u00a0 \u00a0\u00a0\u00a0\u00a0\u00a0\u00a0\u00a0\u00a0\u00a0\u00a0\u00a0\u00a0\u00a0\u00a0\u00a0 S\u00e1bado, 22-JUN-2024. \u00a0 Lugar de salida:\u00a0\u00a0\u00a0\u00a0\u00a0 \u00a0\u00a0\u00a0\u00a0\u00a0\u00a0\u00a0\u00a0\u00a0\u00a0\u00a0\u00a0\u00a0\u00a0\u00a0 \u00a0\u00a0\u00a0\u00a0\u00a0\u00a0\u00a0\u00a0\u00a0\u00a0\u00a0\u00a0\u00a0\u00a0\u00a0 Marquesina de autobuses de Calamonte (Avenida de Espronceda). \u00a0 Hora de salida:\u00a0\u00a0\u00a0\u00a0\u00a0\u00a0\u00a0\u00a0\u00a0\u00a0\u00a0\u00a0\u00a0\u00a0\u00a0\u00a0\u00a0\u00a0\u00a0\u00a0\u00a0\u00a0\u00a0\u00a0\u00a0\u00a0\u00a0\u00a0\u00a0\u00a0\u00a0\u00a0\u00a0\u00a0\u00a0\u00a0\u00a0 5:50 h \u00a0\u00a0\u00a0\u00a0 Control de Familias y llamamiento para<\/p>\n\t\t<\/div>\n\t\t\n\t\t<a class=\"elementor-post__read-more\" href=\"https:\/\/ampacalamonte.es\/?p=1801\" aria-label=\"Read more about \" tabindex=\"-1\" >\n\t\t\tLeer m\u00e1s \u00bb\t\t<\/a>\n\n\t\t\t\t<\/div>\n\t\t\t\t<\/article>\n\t\t\t\t<article class=\"elementor-post elementor-grid-item post-1754 post type-post status-publish format-standard has-post-thumbnail hentry category-eventos category-noticias\" role=\"listitem\">\n\t\t\t\t<a class=\"elementor-post__thumbnail__link\" href=\"https:\/\/ampacalamonte.es\/?p=1754\" tabindex=\"-1\" >\n\t\t\t<div class=\"elementor-post__thumbnail\"><img loading=\"lazy\" decoding=\"async\" width=\"300\" height=\"194\" src=\"https:\/\/ampacalamonte.es\/wp-content\/uploads\/2024\/04\/CABECERA_web-300x194.png\" class=\"attachment-medium size-medium wp-image-1760\" alt=\"\" srcset=\"https:\/\/ampacalamonte.es\/wp-content\/uploads\/2024\/04\/CABECERA_web-300x194.png 300w, https:\/\/ampacalamonte.es\/wp-content\/uploads\/2024\/04\/CABECERA_web-1024x661.png 1024w, https:\/\/ampacalamonte.es\/wp-content\/uploads\/2024\/04\/CABECERA_web-768x495.png 768w, https:\/\/ampacalamonte.es\/wp-content\/uploads\/2024\/04\/CABECERA_web.png 1234w\" sizes=\"(max-width: 300px) 100vw, 300px\" \/><\/div>\n\t\t<\/a>\n\t\t\t\t<div class=\"elementor-post__text\">\n\t\t\t\t<h3 class=\"elementor-post__title\">\n\t\t\t<a href=\"https:\/\/ampacalamonte.es\/?p=1754\" >\n\t\t\t\tDIVERCampus-El Veranillo 2024\t\t\t<\/a>\n\t\t<\/h3>\n\t\t\t\t<div class=\"elementor-post__meta-data\">\n\t\t\t\t\t<span class=\"elementor-post-date\">\n\t\t\t23\/04\/2024\t\t<\/span>\n\t\t\t\t<\/div>\n\t\t\t\t<div class=\"elementor-post__excerpt\">\n\t\t\t<p>\u00bfCU\u00c1NDO INSCRIBIRSE? AMPA: Martes, 30-ABR, desde las 16:00 h GENERAL: Martes 7-MAYO, desde las 16:00 h &nbsp; \u00bfC\u00d3MO INSCRIBIRSE? 1.- Rellenando el FORMULARIO de Google, copia el siguiente enlace y p\u00e9galo en tu navegador: https:\/\/forms.gle\/6QivJhjKd6RPYGEE7<\/p>\n\t\t<\/div>\n\t\t\n\t\t<a class=\"elementor-post__read-more\" href=\"https:\/\/ampacalamonte.es\/?p=1754\" aria-label=\"Read more about DIVERCampus-El Veranillo 2024\" tabindex=\"-1\" >\n\t\t\tLeer m\u00e1s \u00bb\t\t<\/a>\n\n\t\t\t\t<\/div>\n\t\t\t\t<\/article>\n\t\t\t\t<article class=\"elementor-post elementor-grid-item post-1750 post type-post status-publish format-standard has-post-thumbnail hentry category-eventos category-noticias\" role=\"listitem\">\n\t\t\t\t<a class=\"elementor-post__thumbnail__link\" href=\"https:\/\/ampacalamonte.es\/?p=1750\" tabindex=\"-1\" >\n\t\t\t<div class=\"elementor-post__thumbnail\"><img loading=\"lazy\" decoding=\"async\" width=\"300\" height=\"160\" src=\"https:\/\/ampacalamonte.es\/wp-content\/uploads\/2024\/03\/20220308_LUDOTECA-300x160.png\" class=\"attachment-medium size-medium wp-image-1761\" alt=\"\" srcset=\"https:\/\/ampacalamonte.es\/wp-content\/uploads\/2024\/03\/20220308_LUDOTECA-300x160.png 300w, https:\/\/ampacalamonte.es\/wp-content\/uploads\/2024\/03\/20220308_LUDOTECA.png 514w\" sizes=\"(max-width: 300px) 100vw, 300px\" \/><\/div>\n\t\t<\/a>\n\t\t\t\t<div class=\"elementor-post__text\">\n\t\t\t\t<h3 class=\"elementor-post__title\">\n\t\t\t<a href=\"https:\/\/ampacalamonte.es\/?p=1750\" >\n\t\t\t\tVIDEO D\u00eda del Centro \u00ab2024\u00bb\t\t\t<\/a>\n\t\t<\/h3>\n\t\t\t\t<div class=\"elementor-post__meta-data\">\n\t\t\t\t\t<span class=\"elementor-post-date\">\n\t\t\t20\/03\/2024\t\t<\/span>\n\t\t\t\t<\/div>\n\t\t\t\t<div class=\"elementor-post__excerpt\">\n\t\t\t<p>\u00a1\u00a1GRACIAS!!<\/p>\n\t\t<\/div>\n\t\t\n\t\t<a class=\"elementor-post__read-more\" href=\"https:\/\/ampacalamonte.es\/?p=1750\" aria-label=\"Read more about VIDEO D\u00eda del Centro \u00ab2024\u00bb\" tabindex=\"-1\" >\n\t\t\tLeer m\u00e1s \u00bb\t\t<\/a>\n\n\t\t\t\t<\/div>\n\t\t\t\t<\/article>\n\t\t\t\t<article class=\"elementor-post elementor-grid-item post-1741 post type-post status-publish format-standard has-post-thumbnail hentry category-eventos category-noticias\" role=\"listitem\">\n\t\t\t\t<a class=\"elementor-post__thumbnail__link\" href=\"https:\/\/ampacalamonte.es\/?p=1741\" tabindex=\"-1\" >\n\t\t\t<div class=\"elementor-post__thumbnail\"><img loading=\"lazy\" decoding=\"async\" width=\"300\" height=\"178\" src=\"https:\/\/ampacalamonte.es\/wp-content\/uploads\/2021\/11\/1_NOTICIAS_FelicitacionNavidad2-300x178.png\" class=\"attachment-medium size-medium wp-image-888\" alt=\"\" srcset=\"https:\/\/ampacalamonte.es\/wp-content\/uploads\/2021\/11\/1_NOTICIAS_FelicitacionNavidad2-300x178.png 300w, https:\/\/ampacalamonte.es\/wp-content\/uploads\/2021\/11\/1_NOTICIAS_FelicitacionNavidad2-1024x608.png 1024w, https:\/\/ampacalamonte.es\/wp-content\/uploads\/2021\/11\/1_NOTICIAS_FelicitacionNavidad2-768x456.png 768w, https:\/\/ampacalamonte.es\/wp-content\/uploads\/2021\/11\/1_NOTICIAS_FelicitacionNavidad2.png 1082w\" sizes=\"(max-width: 300px) 100vw, 300px\" \/><\/div>\n\t\t<\/a>\n\t\t\t\t<div class=\"elementor-post__text\">\n\t\t\t\t<h3 class=\"elementor-post__title\">\n\t\t\t<a href=\"https:\/\/ampacalamonte.es\/?p=1741\" >\n\t\t\t\tVideo FELICITACI\u00d3N Ampa &#8211; Feliz 2024\t\t\t<\/a>\n\t\t<\/h3>\n\t\t\t\t<div class=\"elementor-post__meta-data\">\n\t\t\t\t\t<span class=\"elementor-post-date\">\n\t\t\t01\/01\/2024\t\t<\/span>\n\t\t\t\t<\/div>\n\t\t\t\t<div class=\"elementor-post__excerpt\">\n\t\t\t<p>Con este V\u00cdDEO, desde la AMPA os deseamos \u00a1\u00a1Felices fiestas y un FELIZ 2024!!<\/p>\n\t\t<\/div>\n\t\t\n\t\t<a class=\"elementor-post__read-more\" href=\"https:\/\/ampacalamonte.es\/?p=1741\" aria-label=\"Read more about Video FELICITACI\u00d3N Ampa &#8211; Feliz 2024\" tabindex=\"-1\" >\n\t\t\tLeer m\u00e1s \u00bb\t\t<\/a>\n\n\t\t\t\t<\/div>\n\t\t\t\t<\/article>\n\t\t\t\t<article class=\"elementor-post elementor-grid-item post-1736 post type-post status-publish format-standard has-post-thumbnail hentry category-eventos category-noticias category-uncategorized\" role=\"listitem\">\n\t\t\t\t<a class=\"elementor-post__thumbnail__link\" href=\"https:\/\/ampacalamonte.es\/?p=1736\" tabindex=\"-1\" >\n\t\t\t<div class=\"elementor-post__thumbnail\"><img loading=\"lazy\" decoding=\"async\" width=\"300\" height=\"186\" src=\"https:\/\/ampacalamonte.es\/wp-content\/uploads\/2023\/12\/2023_DECIMO-300x186.jpg\" class=\"attachment-medium size-medium wp-image-1737\" alt=\"\" srcset=\"https:\/\/ampacalamonte.es\/wp-content\/uploads\/2023\/12\/2023_DECIMO-300x186.jpg 300w, https:\/\/ampacalamonte.es\/wp-content\/uploads\/2023\/12\/2023_DECIMO-1024x634.jpg 1024w, https:\/\/ampacalamonte.es\/wp-content\/uploads\/2023\/12\/2023_DECIMO-768x475.jpg 768w, https:\/\/ampacalamonte.es\/wp-content\/uploads\/2023\/12\/2023_DECIMO-1536x950.jpg 1536w, https:\/\/ampacalamonte.es\/wp-content\/uploads\/2023\/12\/2023_DECIMO.jpg 1600w\" sizes=\"(max-width: 300px) 100vw, 300px\" \/><\/div>\n\t\t<\/a>\n\t\t\t\t<div class=\"elementor-post__text\">\n\t\t\t\t<h3 class=\"elementor-post__title\">\n\t\t\t<a href=\"https:\/\/ampacalamonte.es\/?p=1736\" >\n\t\t\t\tLOTERIA Navidad (Familias AMPA)\t\t\t<\/a>\n\t\t<\/h3>\n\t\t\t\t<div class=\"elementor-post__meta-data\">\n\t\t\t\t\t<span class=\"elementor-post-date\">\n\t\t\t03\/12\/2023\t\t<\/span>\n\t\t\t\t<\/div>\n\t\t\t\t<div class=\"elementor-post__excerpt\">\n\t\t\t<p>\u00a1COMPARTIMOS ILUSIONES! Estimadas Familias, desde la AMPA os hacemos part\u00edcipe de los 2 d\u00e9cimos de Loter\u00eda de Navidad comprados por la Asociaci\u00f3n, para repartir entre Nuestros SOCIOS. La AMPA entregar\u00e1 la cantidad de CUATRO MIL<\/p>\n\t\t<\/div>\n\t\t\n\t\t<a class=\"elementor-post__read-more\" href=\"https:\/\/ampacalamonte.es\/?p=1736\" aria-label=\"Read more about LOTERIA Navidad (Familias AMPA)\" tabindex=\"-1\" >\n\t\t\tLeer m\u00e1s \u00bb\t\t<\/a>\n\n\t\t\t\t<\/div>\n\t\t\t\t<\/article>\n\t\t\t\t<article class=\"elementor-post elementor-grid-item post-1730 post type-post status-publish format-standard has-post-thumbnail hentry category-eventos category-noticias\" role=\"listitem\">\n\t\t\t\t<a class=\"elementor-post__thumbnail__link\" href=\"https:\/\/ampacalamonte.es\/?p=1730\" tabindex=\"-1\" >\n\t\t\t<div class=\"elementor-post__thumbnail\"><img loading=\"lazy\" decoding=\"async\" width=\"300\" height=\"300\" src=\"https:\/\/ampacalamonte.es\/wp-content\/uploads\/2022\/09\/cropped-LOGO2-300x300.jpg\" class=\"attachment-medium size-medium wp-image-1346\" alt=\"\" srcset=\"https:\/\/ampacalamonte.es\/wp-content\/uploads\/2022\/09\/cropped-LOGO2-300x300.jpg 300w, https:\/\/ampacalamonte.es\/wp-content\/uploads\/2022\/09\/cropped-LOGO2-150x150.jpg 150w, https:\/\/ampacalamonte.es\/wp-content\/uploads\/2022\/09\/cropped-LOGO2-270x270.jpg 270w, https:\/\/ampacalamonte.es\/wp-content\/uploads\/2022\/09\/cropped-LOGO2-192x192.jpg 192w, https:\/\/ampacalamonte.es\/wp-content\/uploads\/2022\/09\/cropped-LOGO2-180x180.jpg 180w, https:\/\/ampacalamonte.es\/wp-content\/uploads\/2022\/09\/cropped-LOGO2-32x32.jpg 32w, https:\/\/ampacalamonte.es\/wp-content\/uploads\/2022\/09\/cropped-LOGO2.jpg 512w\" sizes=\"(max-width: 300px) 100vw, 300px\" \/><\/div>\n\t\t<\/a>\n\t\t\t\t<div class=\"elementor-post__text\">\n\t\t\t\t<h3 class=\"elementor-post__title\">\n\t\t\t<a href=\"https:\/\/ampacalamonte.es\/?p=1730\" >\n\t\t\t\tNUEVA Junta DIRECTIVA: \u00a1Con\u00f3cenos!\t\t\t<\/a>\n\t\t<\/h3>\n\t\t\t\t<div class=\"elementor-post__meta-data\">\n\t\t\t\t\t<span class=\"elementor-post-date\">\n\t\t\t30\/11\/2023\t\t<\/span>\n\t\t\t\t<\/div>\n\t\t\t\t<div class=\"elementor-post__excerpt\">\n\t\t\t<p>Estimadas Familias: El pasado 16 de noviembre se celebr\u00f3 de la Ampa, donde se renov\u00f3 la Junta Directiva para los pr\u00f3ximos 2 cursos 2023\/24 y 2024\/25. Los nuevos cargos\u00a0 que representamos 8 Padres y Madres<\/p>\n\t\t<\/div>\n\t\t\n\t\t<a class=\"elementor-post__read-more\" href=\"https:\/\/ampacalamonte.es\/?p=1730\" aria-label=\"Read more about NUEVA Junta DIRECTIVA: \u00a1Con\u00f3cenos!\" tabindex=\"-1\" >\n\t\t\tLeer m\u00e1s \u00bb\t\t<\/a>\n\n\t\t\t\t<\/div>\n\t\t\t\t<\/article>\n\t\t\t\t<article class=\"elementor-post elementor-grid-item post-1613 post type-post status-publish format-standard has-post-thumbnail hentry category-eventos category-noticias category-uncategorized\" role=\"listitem\">\n\t\t\t\t<a class=\"elementor-post__thumbnail__link\" href=\"https:\/\/ampacalamonte.es\/?p=1613\" tabindex=\"-1\" >\n\t\t\t<div class=\"elementor-post__thumbnail\"><img loading=\"lazy\" decoding=\"async\" width=\"212\" height=\"300\" src=\"https:\/\/ampacalamonte.es\/wp-content\/uploads\/2023\/06\/FECHAS_Inscrip-212x300.png\" class=\"attachment-medium size-medium wp-image-1611\" alt=\"\" srcset=\"https:\/\/ampacalamonte.es\/wp-content\/uploads\/2023\/06\/FECHAS_Inscrip-212x300.png 212w, https:\/\/ampacalamonte.es\/wp-content\/uploads\/2023\/06\/FECHAS_Inscrip.png 550w\" sizes=\"(max-width: 212px) 100vw, 212px\" \/><\/div>\n\t\t<\/a>\n\t\t\t\t<div class=\"elementor-post__text\">\n\t\t\t\t<h3 class=\"elementor-post__title\">\n\t\t\t<a href=\"https:\/\/ampacalamonte.es\/?p=1613\" >\n\t\t\t\tDIVERCampus \u00abEL VERANILLO\u00bb (Inscripciones)\t\t\t<\/a>\n\t\t<\/h3>\n\t\t\t\t<div class=\"elementor-post__meta-data\">\n\t\t\t\t\t<span class=\"elementor-post-date\">\n\t\t\t02\/06\/2023\t\t<\/span>\n\t\t\t\t<\/div>\n\t\t\t\t<div class=\"elementor-post__excerpt\">\n\t\t\t\t\t<\/div>\n\t\t\n\t\t<a class=\"elementor-post__read-more\" href=\"https:\/\/ampacalamonte.es\/?p=1613\" aria-label=\"Read more about DIVERCampus \u00abEL VERANILLO\u00bb (Inscripciones)\" tabindex=\"-1\" >\n\t\t\tLeer m\u00e1s \u00bb\t\t<\/a>\n\n\t\t\t\t<\/div>\n\t\t\t\t<\/article>\n\t\t\t\t<article class=\"elementor-post elementor-grid-item post-1586 post type-post status-publish format-standard has-post-thumbnail hentry category-eventos category-noticias\" role=\"listitem\">\n\t\t\t\t<a class=\"elementor-post__thumbnail__link\" href=\"https:\/\/ampacalamonte.es\/?p=1586\" tabindex=\"-1\" >\n\t\t\t<div class=\"elementor-post__thumbnail\"><img loading=\"lazy\" decoding=\"async\" width=\"212\" height=\"300\" src=\"https:\/\/ampacalamonte.es\/wp-content\/uploads\/2023\/05\/VERANILLO_2023_Cartel-3-212x300.jpg\" class=\"attachment-medium size-medium wp-image-1588\" alt=\"\" srcset=\"https:\/\/ampacalamonte.es\/wp-content\/uploads\/2023\/05\/VERANILLO_2023_Cartel-3-212x300.jpg 212w, https:\/\/ampacalamonte.es\/wp-content\/uploads\/2023\/05\/VERANILLO_2023_Cartel-3.jpg 725w\" sizes=\"(max-width: 212px) 100vw, 212px\" \/><\/div>\n\t\t<\/a>\n\t\t\t\t<div class=\"elementor-post__text\">\n\t\t\t\t<h3 class=\"elementor-post__title\">\n\t\t\t<a href=\"https:\/\/ampacalamonte.es\/?p=1586\" >\n\t\t\t\tDIVERCampus \u00abEl Veranillo\u00bb 2023\t\t\t<\/a>\n\t\t<\/h3>\n\t\t\t\t<div class=\"elementor-post__meta-data\">\n\t\t\t\t\t<span class=\"elementor-post-date\">\n\t\t\t17\/05\/2023\t\t<\/span>\n\t\t\t\t<\/div>\n\t\t\t\t<div class=\"elementor-post__excerpt\">\n\t\t\t<p>Abierto a TODOS los ni\u00f1os que deseen inscribirse (plazas limitadas) &gt;&gt; 2 posibilidades para INSCRIBIRSE: Hasta el 16-JUN-2023:\u00a0 por EMAIL Presencial: Mi\u00e9rcoles 7-JUNIO, en el Centro JOVEN de Calamonte. Formulario de INSCRIPCI\u00d3N y FICHA INFORMATIVA:<\/p>\n\t\t<\/div>\n\t\t\n\t\t<a class=\"elementor-post__read-more\" href=\"https:\/\/ampacalamonte.es\/?p=1586\" aria-label=\"Read more about DIVERCampus \u00abEl Veranillo\u00bb 2023\" tabindex=\"-1\" >\n\t\t\tLeer m\u00e1s \u00bb\t\t<\/a>\n\n\t\t\t\t<\/div>\n\t\t\t\t<\/article>\n\t\t\t\t<article class=\"elementor-post elementor-grid-item post-1527 post type-post status-publish format-standard has-post-thumbnail hentry category-eventos category-noticias\" role=\"listitem\">\n\t\t\t\t<a class=\"elementor-post__thumbnail__link\" href=\"https:\/\/ampacalamonte.es\/?p=1527\" tabindex=\"-1\" >\n\t\t\t<div class=\"elementor-post__thumbnail\"><img loading=\"lazy\" decoding=\"async\" width=\"212\" height=\"300\" src=\"https:\/\/ampacalamonte.es\/wp-content\/uploads\/2023\/05\/CARTEL_lisboa-212x300.jpg\" class=\"attachment-medium size-medium wp-image-1528\" alt=\"\" srcset=\"https:\/\/ampacalamonte.es\/wp-content\/uploads\/2023\/05\/CARTEL_lisboa-212x300.jpg 212w, https:\/\/ampacalamonte.es\/wp-content\/uploads\/2023\/05\/CARTEL_lisboa.jpg 724w\" sizes=\"(max-width: 212px) 100vw, 212px\" \/><\/div>\n\t\t<\/a>\n\t\t\t\t<div class=\"elementor-post__text\">\n\t\t\t\t<h3 class=\"elementor-post__title\">\n\t\t\t<a href=\"https:\/\/ampacalamonte.es\/?p=1527\" >\n\t\t\t\tVIAJE Ampa FIN DE CURSO (LISBOA) &#8211; AGOTADO: Plazas COMPLETAS\t\t\t<\/a>\n\t\t<\/h3>\n\t\t\t\t<div class=\"elementor-post__meta-data\">\n\t\t\t\t\t<span class=\"elementor-post-date\">\n\t\t\t15\/05\/2023\t\t<\/span>\n\t\t\t\t<\/div>\n\t\t\t\t<div class=\"elementor-post__excerpt\">\n\t\t\t<p>Plazas ya COMPLETAS (27\/05\/2023) (s\u00f3lo se admiten RESERVAS, para posibles cancelaciones de otras familias)<\/p>\n\t\t<\/div>\n\t\t\n\t\t<a class=\"elementor-post__read-more\" href=\"https:\/\/ampacalamonte.es\/?p=1527\" aria-label=\"Read more about VIAJE Ampa FIN DE CURSO (LISBOA) &#8211; AGOTADO: Plazas COMPLETAS\" tabindex=\"-1\" >\n\t\t\tLeer m\u00e1s \u00bb\t\t<\/a>\n\n\t\t\t\t<\/div>\n\t\t\t\t<\/article>\n\t\t\t\t<article class=\"elementor-post elementor-grid-item post-1503 post type-post status-publish format-standard has-post-thumbnail hentry category-eventos category-noticias\" role=\"listitem\">\n\t\t\t\t<a class=\"elementor-post__thumbnail__link\" href=\"https:\/\/ampacalamonte.es\/?p=1503\" tabindex=\"-1\" >\n\t\t\t<div class=\"elementor-post__thumbnail\"><img loading=\"lazy\" decoding=\"async\" width=\"300\" height=\"293\" src=\"https:\/\/ampacalamonte.es\/wp-content\/uploads\/2023\/03\/20230308_DiaMujer-300x293.jpeg\" class=\"attachment-medium size-medium wp-image-1504\" alt=\"\" srcset=\"https:\/\/ampacalamonte.es\/wp-content\/uploads\/2023\/03\/20230308_DiaMujer-300x293.jpeg 300w, https:\/\/ampacalamonte.es\/wp-content\/uploads\/2023\/03\/20230308_DiaMujer-768x750.jpeg 768w, https:\/\/ampacalamonte.es\/wp-content\/uploads\/2023\/03\/20230308_DiaMujer.jpeg 1024w\" sizes=\"(max-width: 300px) 100vw, 300px\" \/><\/div>\n\t\t<\/a>\n\t\t\t\t<div class=\"elementor-post__text\">\n\t\t\t\t<h3 class=\"elementor-post__title\">\n\t\t\t<a href=\"https:\/\/ampacalamonte.es\/?p=1503\" >\n\t\t\t\t8-M: D\u00eda de la MUJER\t\t\t<\/a>\n\t\t<\/h3>\n\t\t\t\t<div class=\"elementor-post__meta-data\">\n\t\t\t\t\t<span class=\"elementor-post-date\">\n\t\t\t08\/03\/2023\t\t<\/span>\n\t\t\t\t<\/div>\n\t\t\t\t<div class=\"elementor-post__excerpt\">\n\t\t\t\t\t<\/div>\n\t\t\n\t\t<a class=\"elementor-post__read-more\" href=\"https:\/\/ampacalamonte.es\/?p=1503\" aria-label=\"Read more about 8-M: D\u00eda de la MUJER\" tabindex=\"-1\" >\n\t\t\tLeer m\u00e1s \u00bb\t\t<\/a>\n\n\t\t\t\t<\/div>\n\t\t\t\t<\/article>\n\t\t\t\t<article class=\"elementor-post elementor-grid-item post-1467 post type-post status-publish format-standard has-post-thumbnail hentry category-eventos category-noticias\" role=\"listitem\">\n\t\t\t\t<a class=\"elementor-post__thumbnail__link\" href=\"https:\/\/ampacalamonte.es\/?p=1467\" tabindex=\"-1\" >\n\t\t\t<div class=\"elementor-post__thumbnail\"><img loading=\"lazy\" decoding=\"async\" width=\"212\" height=\"300\" src=\"https:\/\/ampacalamonte.es\/wp-content\/uploads\/2023\/03\/CARTEL_JPG_V23a-212x300.jpeg\" class=\"attachment-medium size-medium wp-image-1473\" alt=\"\" srcset=\"https:\/\/ampacalamonte.es\/wp-content\/uploads\/2023\/03\/CARTEL_JPG_V23a-212x300.jpeg 212w, https:\/\/ampacalamonte.es\/wp-content\/uploads\/2023\/03\/CARTEL_JPG_V23a.jpeg 724w\" sizes=\"(max-width: 212px) 100vw, 212px\" \/><\/div>\n\t\t<\/a>\n\t\t\t\t<div class=\"elementor-post__text\">\n\t\t\t\t<h3 class=\"elementor-post__title\">\n\t\t\t<a href=\"https:\/\/ampacalamonte.es\/?p=1467\" >\n\t\t\t\tGran Fiesta de FERIA 2023\t\t\t<\/a>\n\t\t<\/h3>\n\t\t\t\t<div class=\"elementor-post__meta-data\">\n\t\t\t\t\t<span class=\"elementor-post-date\">\n\t\t\t04\/03\/2023\t\t<\/span>\n\t\t\t\t<\/div>\n\t\t\t\t<div class=\"elementor-post__excerpt\">\n\t\t\t<p>&nbsp; Sigue las INDICACIONES en el siguiente PDF de la Ficha de Actividad: &nbsp; FichaActividad_2023_FERIA_Ampa &nbsp;<\/p>\n\t\t<\/div>\n\t\t\n\t\t<a class=\"elementor-post__read-more\" href=\"https:\/\/ampacalamonte.es\/?p=1467\" aria-label=\"Read more about Gran Fiesta de FERIA 2023\" tabindex=\"-1\" >\n\t\t\tLeer m\u00e1s \u00bb\t\t<\/a>\n\n\t\t\t\t<\/div>\n\t\t\t\t<\/article>\n\t\t\t\t<article class=\"elementor-post elementor-grid-item post-1459 post type-post status-publish format-standard has-post-thumbnail hentry category-eventos category-noticias\" role=\"listitem\">\n\t\t\t\t<a class=\"elementor-post__thumbnail__link\" href=\"https:\/\/ampacalamonte.es\/?p=1459\" tabindex=\"-1\" >\n\t\t\t<div class=\"elementor-post__thumbnail\"><img loading=\"lazy\" decoding=\"async\" width=\"212\" height=\"300\" src=\"https:\/\/ampacalamonte.es\/wp-content\/uploads\/2023\/02\/CARTEL_Confer_BULLYING_2023-212x300.jpeg\" class=\"attachment-medium size-medium wp-image-1460\" alt=\"\" srcset=\"https:\/\/ampacalamonte.es\/wp-content\/uploads\/2023\/02\/CARTEL_Confer_BULLYING_2023-212x300.jpeg 212w, https:\/\/ampacalamonte.es\/wp-content\/uploads\/2023\/02\/CARTEL_Confer_BULLYING_2023.jpeg 724w\" sizes=\"(max-width: 212px) 100vw, 212px\" \/><\/div>\n\t\t<\/a>\n\t\t\t\t<div class=\"elementor-post__text\">\n\t\t\t\t<h3 class=\"elementor-post__title\">\n\t\t\t<a href=\"https:\/\/ampacalamonte.es\/?p=1459\" >\n\t\t\t\tConferencia: \u00abLos 2 v\u00e9rtices del Bullying\u00bb (lunes 13\/02\/2023)\t\t\t<\/a>\n\t\t<\/h3>\n\t\t\t\t<div class=\"elementor-post__meta-data\">\n\t\t\t\t\t<span class=\"elementor-post-date\">\n\t\t\t11\/02\/2023\t\t<\/span>\n\t\t\t\t<\/div>\n\t\t\t\t<div class=\"elementor-post__excerpt\">\n\t\t\t<p>LUNES, d\u00eda 13 A las 18:30 h Centro JOVEN (Calamonte) Organiza: AMPA del CEIP San Jos\u00e9 Ponencia: PURA S. CANO Colabora: AYUNTAMIENTO de Calamonte (Entrada GRATUITA, sin inscripci\u00f3n previa)<\/p>\n\t\t<\/div>\n\t\t\n\t\t<a class=\"elementor-post__read-more\" href=\"https:\/\/ampacalamonte.es\/?p=1459\" aria-label=\"Read more about Conferencia: \u00abLos 2 v\u00e9rtices del Bullying\u00bb (lunes 13\/02\/2023)\" tabindex=\"-1\" >\n\t\t\tLeer m\u00e1s \u00bb\t\t<\/a>\n\n\t\t\t\t<\/div>\n\t\t\t\t<\/article>\n\t\t\t\t<article class=\"elementor-post elementor-grid-item post-1456 post type-post status-publish format-standard has-post-thumbnail hentry category-eventos category-noticias\" role=\"listitem\">\n\t\t\t\t<a class=\"elementor-post__thumbnail__link\" href=\"https:\/\/ampacalamonte.es\/?p=1456\" tabindex=\"-1\" >\n\t\t\t<div class=\"elementor-post__thumbnail\"><img loading=\"lazy\" decoding=\"async\" width=\"212\" height=\"300\" src=\"https:\/\/ampacalamonte.es\/wp-content\/uploads\/2023\/02\/20220220_CARNAVAL_FiestaInfantil-212x300.jpeg\" class=\"attachment-medium size-medium wp-image-1457\" alt=\"\" srcset=\"https:\/\/ampacalamonte.es\/wp-content\/uploads\/2023\/02\/20220220_CARNAVAL_FiestaInfantil-212x300.jpeg 212w, https:\/\/ampacalamonte.es\/wp-content\/uploads\/2023\/02\/20220220_CARNAVAL_FiestaInfantil-724x1024.jpeg 724w, https:\/\/ampacalamonte.es\/wp-content\/uploads\/2023\/02\/20220220_CARNAVAL_FiestaInfantil-768x1086.jpeg 768w, https:\/\/ampacalamonte.es\/wp-content\/uploads\/2023\/02\/20220220_CARNAVAL_FiestaInfantil-1086x1536.jpeg 1086w, https:\/\/ampacalamonte.es\/wp-content\/uploads\/2023\/02\/20220220_CARNAVAL_FiestaInfantil.jpeg 1131w\" sizes=\"(max-width: 212px) 100vw, 212px\" \/><\/div>\n\t\t<\/a>\n\t\t\t\t<div class=\"elementor-post__text\">\n\t\t\t\t<h3 class=\"elementor-post__title\">\n\t\t\t<a href=\"https:\/\/ampacalamonte.es\/?p=1456\" >\n\t\t\t\tFiesta del CARNAVAL Infantil (lunes 20)\t\t\t<\/a>\n\t\t<\/h3>\n\t\t\t\t<div class=\"elementor-post__meta-data\">\n\t\t\t\t\t<span class=\"elementor-post-date\">\n\t\t\t11\/02\/2023\t\t<\/span>\n\t\t\t\t<\/div>\n\t\t\t\t<div class=\"elementor-post__excerpt\">\n\t\t\t<p>&nbsp; Fecha Actividad: Lunes, 20\/02\/2023 Hora Actividad: 10:00 \u2013 13:00 h Lugar de la Actividad: Pabell\u00f3n \u201cLAURA CAMPOS\u201d Hora ENTRADA: Necesario registro con un ADULTO del menor Socios AMPA:\u00a0\u00a0\u00a0 A partir de las \u00a09:45 h<\/p>\n\t\t<\/div>\n\t\t\n\t\t<a class=\"elementor-post__read-more\" href=\"https:\/\/ampacalamonte.es\/?p=1456\" aria-label=\"Read more about Fiesta del CARNAVAL Infantil (lunes 20)\" tabindex=\"-1\" >\n\t\t\tLeer m\u00e1s \u00bb\t\t<\/a>\n\n\t\t\t\t<\/div>\n\t\t\t\t<\/article>\n\t\t\t\t<article class=\"elementor-post elementor-grid-item post-1431 post type-post status-publish format-standard has-post-thumbnail hentry category-eventos category-noticias\" role=\"listitem\">\n\t\t\t\t<a class=\"elementor-post__thumbnail__link\" href=\"https:\/\/ampacalamonte.es\/?p=1431\" tabindex=\"-1\" >\n\t\t\t<div class=\"elementor-post__thumbnail\"><img loading=\"lazy\" decoding=\"async\" width=\"212\" height=\"300\" src=\"https:\/\/ampacalamonte.es\/wp-content\/uploads\/2022\/12\/2022_NocheviejaInfantil-212x300.png\" class=\"attachment-medium size-medium wp-image-1432\" alt=\"\" srcset=\"https:\/\/ampacalamonte.es\/wp-content\/uploads\/2022\/12\/2022_NocheviejaInfantil-212x300.png 212w, https:\/\/ampacalamonte.es\/wp-content\/uploads\/2022\/12\/2022_NocheviejaInfantil-724x1024.png 724w, https:\/\/ampacalamonte.es\/wp-content\/uploads\/2022\/12\/2022_NocheviejaInfantil-768x1086.png 768w, https:\/\/ampacalamonte.es\/wp-content\/uploads\/2022\/12\/2022_NocheviejaInfantil-1086x1536.png 1086w, https:\/\/ampacalamonte.es\/wp-content\/uploads\/2022\/12\/2022_NocheviejaInfantil.png 1414w\" sizes=\"(max-width: 212px) 100vw, 212px\" \/><\/div>\n\t\t<\/a>\n\t\t\t\t<div class=\"elementor-post__text\">\n\t\t\t\t<h3 class=\"elementor-post__title\">\n\t\t\t<a href=\"https:\/\/ampacalamonte.es\/?p=1431\" >\n\t\t\t\tNOCHEVIEJA Infantil 2022 (d\u00eda 31, de 10 a 13h)\t\t\t<\/a>\n\t\t<\/h3>\n\t\t\t\t<div class=\"elementor-post__meta-data\">\n\t\t\t\t\t<span class=\"elementor-post-date\">\n\t\t\t19\/12\/2022\t\t<\/span>\n\t\t\t\t<\/div>\n\t\t\t\t<div class=\"elementor-post__excerpt\">\n\t\t\t<p>S\u00e1bado 31, de 10:00 h a 13:00 h. Pabell\u00f3n LAURA CAMPOS La NOCHEVIEJA Infantil es una Actividad S\u00d3LO para los ni\u00f1os de los siguientes grupos: &#8211; AMPA &#8211; LUDOTECA &#8211; DIVI\u00c9RTETE Que son los Talleres<\/p>\n\t\t<\/div>\n\t\t\n\t\t<a class=\"elementor-post__read-more\" href=\"https:\/\/ampacalamonte.es\/?p=1431\" aria-label=\"Read more about NOCHEVIEJA Infantil 2022 (d\u00eda 31, de 10 a 13h)\" tabindex=\"-1\" >\n\t\t\tLeer m\u00e1s \u00bb\t\t<\/a>\n\n\t\t\t\t<\/div>\n\t\t\t\t<\/article>\n\t\t\t\t<\/div>\n\t\t\n\t\t\t\t\t\t<\/div>\n\t\t\t\t<\/div>\n\t\t\t\t\t<\/div>\n\t\t<\/div>\n\t\t\t\t\t<\/div>\n\t\t<\/section>\n\t\t\t\t<\/div>\n\t\t","protected":false},"excerpt":{"rendered":"<p>PROGRAMAS y EVENTOS<\/p>\n","protected":false},"author":1,"featured_media":0,"parent":0,"menu_order":0,"comment_status":"closed","ping_status":"closed","template":"","meta":{"inline_featured_image":false,"footnotes":""},"class_list":["post-190","page","type-page","status-publish","hentry"],"yoast_head":"<!-- This site is optimized with the Yoast SEO plugin v27.6 - https:\/\/yoast.com\/product\/yoast-seo-wordpress\/ -->\n<title>PROGRAMAS y EVENTOS - AMPA del CEIP &quot;San Jose&quot; de Calamonte<\/title>\n<meta name=\"robots\" content=\"index, follow, max-snippet:-1, max-image-preview:large, max-video-preview:-1\" \/>\n<link rel=\"canonical\" href=\"https:\/\/ampacalamonte.es\/?page_id=190\" \/>\n<meta property=\"og:locale\" content=\"es_ES\" \/>\n<meta property=\"og:type\" content=\"article\" \/>\n<meta property=\"og:title\" content=\"PROGRAMAS y EVENTOS - AMPA del CEIP &quot;San Jose&quot; de Calamonte\" \/>\n<meta property=\"og:description\" content=\"PROGRAMAS y EVENTOS\" \/>\n<meta property=\"og:url\" content=\"https:\/\/ampacalamonte.es\/?page_id=190\" \/>\n<meta property=\"og:site_name\" content=\"AMPA del CEIP &quot;San Jose&quot; de Calamonte\" \/>\n<meta property=\"article:modified_time\" content=\"2022-09-05T18:12:19+00:00\" \/>\n<meta name=\"twitter:card\" content=\"summary_large_image\" \/>\n<meta name=\"twitter:label1\" content=\"Tiempo de lectura\" \/>\n\t<meta name=\"twitter:data1\" content=\"2 minutos\" \/>\n<script type=\"application\/ld+json\" class=\"yoast-schema-graph\">{\"@context\":\"https:\\\/\\\/schema.org\",\"@graph\":[{\"@type\":\"WebPage\",\"@id\":\"https:\\\/\\\/ampacalamonte.es\\\/?page_id=190\",\"url\":\"https:\\\/\\\/ampacalamonte.es\\\/?page_id=190\",\"name\":\"PROGRAMAS y EVENTOS - AMPA del CEIP &quot;San Jose&quot; de Calamonte\",\"isPartOf\":{\"@id\":\"https:\\\/\\\/ampacalamonte.es\\\/#website\"},\"datePublished\":\"2021-11-24T18:37:18+00:00\",\"dateModified\":\"2022-09-05T18:12:19+00:00\",\"breadcrumb\":{\"@id\":\"https:\\\/\\\/ampacalamonte.es\\\/?page_id=190#breadcrumb\"},\"inLanguage\":\"es\",\"potentialAction\":[{\"@type\":\"ReadAction\",\"target\":[\"https:\\\/\\\/ampacalamonte.es\\\/?page_id=190\"]}]},{\"@type\":\"BreadcrumbList\",\"@id\":\"https:\\\/\\\/ampacalamonte.es\\\/?page_id=190#breadcrumb\",\"itemListElement\":[{\"@type\":\"ListItem\",\"position\":1,\"name\":\"Portada\",\"item\":\"https:\\\/\\\/ampacalamonte.es\\\/?page_id=35\"},{\"@type\":\"ListItem\",\"position\":2,\"name\":\"PROGRAMAS y EVENTOS\"}]},{\"@type\":\"WebSite\",\"@id\":\"https:\\\/\\\/ampacalamonte.es\\\/#website\",\"url\":\"https:\\\/\\\/ampacalamonte.es\\\/\",\"name\":\"AMPA del CEIP \\\"San Jose\\\" de Calamonte\",\"description\":\"AMPA San Jose (CALAMONTE)\",\"publisher\":{\"@id\":\"https:\\\/\\\/ampacalamonte.es\\\/#organization\"},\"potentialAction\":[{\"@type\":\"SearchAction\",\"target\":{\"@type\":\"EntryPoint\",\"urlTemplate\":\"https:\\\/\\\/ampacalamonte.es\\\/?s={search_term_string}\"},\"query-input\":{\"@type\":\"PropertyValueSpecification\",\"valueRequired\":true,\"valueName\":\"search_term_string\"}}],\"inLanguage\":\"es\"},{\"@type\":\"Organization\",\"@id\":\"https:\\\/\\\/ampacalamonte.es\\\/#organization\",\"name\":\"AMPA del CEIP \\\"San Jose\\\" de Calamonte\",\"url\":\"https:\\\/\\\/ampacalamonte.es\\\/\",\"logo\":{\"@type\":\"ImageObject\",\"inLanguage\":\"es\",\"@id\":\"https:\\\/\\\/ampacalamonte.es\\\/#\\\/schema\\\/logo\\\/image\\\/\",\"url\":\"https:\\\/\\\/ampacalamonte.es\\\/wp-content\\\/uploads\\\/2022\\\/05\\\/LOGO_AMPA_RECTO_2021a.jpg\",\"contentUrl\":\"https:\\\/\\\/ampacalamonte.es\\\/wp-content\\\/uploads\\\/2022\\\/05\\\/LOGO_AMPA_RECTO_2021a.jpg\",\"width\":410,\"height\":410,\"caption\":\"AMPA del CEIP \\\"San Jose\\\" de Calamonte\"},\"image\":{\"@id\":\"https:\\\/\\\/ampacalamonte.es\\\/#\\\/schema\\\/logo\\\/image\\\/\"}}]}<\/script>\n<!-- \/ Yoast SEO plugin. -->","yoast_head_json":{"title":"PROGRAMAS y EVENTOS - AMPA del CEIP &quot;San Jose&quot; de Calamonte","robots":{"index":"index","follow":"follow","max-snippet":"max-snippet:-1","max-image-preview":"max-image-preview:large","max-video-preview":"max-video-preview:-1"},"canonical":"https:\/\/ampacalamonte.es\/?page_id=190","og_locale":"es_ES","og_type":"article","og_title":"PROGRAMAS y EVENTOS - AMPA del CEIP &quot;San Jose&quot; de Calamonte","og_description":"PROGRAMAS y EVENTOS","og_url":"https:\/\/ampacalamonte.es\/?page_id=190","og_site_name":"AMPA del CEIP &quot;San Jose&quot; de Calamonte","article_modified_time":"2022-09-05T18:12:19+00:00","twitter_card":"summary_large_image","twitter_misc":{"Tiempo de lectura":"2 minutos"},"schema":{"@context":"https:\/\/schema.org","@graph":[{"@type":"WebPage","@id":"https:\/\/ampacalamonte.es\/?page_id=190","url":"https:\/\/ampacalamonte.es\/?page_id=190","name":"PROGRAMAS y EVENTOS - AMPA del CEIP &quot;San Jose&quot; de Calamonte","isPartOf":{"@id":"https:\/\/ampacalamonte.es\/#website"},"datePublished":"2021-11-24T18:37:18+00:00","dateModified":"2022-09-05T18:12:19+00:00","breadcrumb":{"@id":"https:\/\/ampacalamonte.es\/?page_id=190#breadcrumb"},"inLanguage":"es","potentialAction":[{"@type":"ReadAction","target":["https:\/\/ampacalamonte.es\/?page_id=190"]}]},{"@type":"BreadcrumbList","@id":"https:\/\/ampacalamonte.es\/?page_id=190#breadcrumb","itemListElement":[{"@type":"ListItem","position":1,"name":"Portada","item":"https:\/\/ampacalamonte.es\/?page_id=35"},{"@type":"ListItem","position":2,"name":"PROGRAMAS y EVENTOS"}]},{"@type":"WebSite","@id":"https:\/\/ampacalamonte.es\/#website","url":"https:\/\/ampacalamonte.es\/","name":"AMPA del CEIP \"San Jose\" de Calamonte","description":"AMPA San Jose (CALAMONTE)","publisher":{"@id":"https:\/\/ampacalamonte.es\/#organization"},"potentialAction":[{"@type":"SearchAction","target":{"@type":"EntryPoint","urlTemplate":"https:\/\/ampacalamonte.es\/?s={search_term_string}"},"query-input":{"@type":"PropertyValueSpecification","valueRequired":true,"valueName":"search_term_string"}}],"inLanguage":"es"},{"@type":"Organization","@id":"https:\/\/ampacalamonte.es\/#organization","name":"AMPA del CEIP \"San Jose\" de Calamonte","url":"https:\/\/ampacalamonte.es\/","logo":{"@type":"ImageObject","inLanguage":"es","@id":"https:\/\/ampacalamonte.es\/#\/schema\/logo\/image\/","url":"https:\/\/ampacalamonte.es\/wp-content\/uploads\/2022\/05\/LOGO_AMPA_RECTO_2021a.jpg","contentUrl":"https:\/\/ampacalamonte.es\/wp-content\/uploads\/2022\/05\/LOGO_AMPA_RECTO_2021a.jpg","width":410,"height":410,"caption":"AMPA del CEIP \"San Jose\" de Calamonte"},"image":{"@id":"https:\/\/ampacalamonte.es\/#\/schema\/logo\/image\/"}}]}},"_links":{"self":[{"href":"https:\/\/ampacalamonte.es\/index.php?rest_route=\/wp\/v2\/pages\/190","targetHints":{"allow":["GET"]}}],"collection":[{"href":"https:\/\/ampacalamonte.es\/index.php?rest_route=\/wp\/v2\/pages"}],"about":[{"href":"https:\/\/ampacalamonte.es\/index.php?rest_route=\/wp\/v2\/types\/page"}],"author":[{"embeddable":true,"href":"https:\/\/ampacalamonte.es\/index.php?rest_route=\/wp\/v2\/users\/1"}],"replies":[{"embeddable":true,"href":"https:\/\/ampacalamonte.es\/index.php?rest_route=%2Fwp%2Fv2%2Fcomments&post=190"}],"version-history":[{"count":8,"href":"https:\/\/ampacalamonte.es\/index.php?rest_route=\/wp\/v2\/pages\/190\/revisions"}],"predecessor-version":[{"id":1377,"href":"https:\/\/ampacalamonte.es\/index.php?rest_route=\/wp\/v2\/pages\/190\/revisions\/1377"}],"wp:attachment":[{"href":"https:\/\/ampacalamonte.es\/index.php?rest_route=%2Fwp%2Fv2%2Fmedia&parent=190"}],"curies":[{"name":"wp","href":"https:\/\/api.w.org\/{rel}","templated":true}]}}