{"id":135,"date":"2021-11-24T18:00:43","date_gmt":"2021-11-24T18:00:43","guid":{"rendered":"https:\/\/ampacalamonte.es\/?page_id=135"},"modified":"2026-02-02T07:57:47","modified_gmt":"2026-02-02T06:57:47","slug":"inicio-2","status":"publish","type":"page","link":"https:\/\/ampacalamonte.es\/?page_id=135","title":{"rendered":"QUIENES SOMOS"},"content":{"rendered":"\t\t<div data-elementor-type=\"wp-page\" data-elementor-id=\"135\" class=\"elementor elementor-135\" data-elementor-post-type=\"page\">\n\t\t\t\t\t\t<section class=\"elementor-section elementor-top-section elementor-element elementor-element-530958b elementor-section-boxed elementor-section-height-default elementor-section-height-default\" data-id=\"530958b\" data-element_type=\"section\" data-e-type=\"section\">\n\t\t\t\t\t\t<div class=\"elementor-container elementor-column-gap-narrow\">\n\t\t\t\t\t<div class=\"elementor-column elementor-col-100 elementor-top-column elementor-element elementor-element-7be50b7\" data-id=\"7be50b7\" data-element_type=\"column\" data-e-type=\"column\" data-settings=\"{&quot;background_background&quot;:&quot;classic&quot;}\">\n\t\t\t<div class=\"elementor-widget-wrap elementor-element-populated\">\n\t\t\t\t\t\t<div class=\"elementor-element elementor-element-830a061 elementor-widget elementor-widget-heading\" data-id=\"830a061\" data-element_type=\"widget\" data-e-type=\"widget\" data-widget_type=\"heading.default\">\n\t\t\t\t<div class=\"elementor-widget-container\">\n\t\t\t\t\t<h2 class=\"elementor-heading-title elementor-size-default\">QUIENES SOMOS<\/h2>\t\t\t\t<\/div>\n\t\t\t\t<\/div>\n\t\t\t\t<div class=\"elementor-element elementor-element-05aa429 elementor-widget elementor-widget-text-editor\" data-id=\"05aa429\" data-element_type=\"widget\" data-e-type=\"widget\" data-widget_type=\"text-editor.default\">\n\t\t\t\t<div class=\"elementor-widget-container\">\n\t\t\t\t\t\t\t\t\t<p>La AMPA San Jos\u00e9 de Calamonte est\u00e1 formada por Madres y Padres que act\u00faan desinteresadamente trabajando por un bien com\u00fan, en beneficio de toda la Comunidad Educativa y salvaguardando los intereses de nuestros hijos.<\/p><p>Nuestra Asociaci\u00f3n necesita de la implicaci\u00f3n de todos los padres y madres, porque en la AMPA <strong>defendemos los derechos e intereses de TODOS nuestros hijos<\/strong>. Trabajando por ellos, trabajando por todos. \u00a1\u00daNETE A NOSOTROS!<\/p><p>Te presentamos la actual JUNTA Directiva 2023\/2025 de la AMPA, compuesta por <b>8 Padres y Madres<\/b> que ocupamos 3 cargos Directivos y 5 Vocales. <b><u>\u00a1CON\u00d3CENOS!:<\/u><\/b><\/p>\t\t\t\t\t\t\t\t<\/div>\n\t\t\t\t<\/div>\n\t\t\t\t<section class=\"elementor-section elementor-inner-section elementor-element elementor-element-ae5dfad elementor-section-boxed elementor-section-height-default elementor-section-height-default\" data-id=\"ae5dfad\" data-element_type=\"section\" data-e-type=\"section\" data-settings=\"{&quot;animation&quot;:&quot;none&quot;}\">\n\t\t\t\t\t\t<div class=\"elementor-container elementor-column-gap-default\">\n\t\t\t\t\t<div class=\"elementor-column elementor-col-33 elementor-inner-column elementor-element elementor-element-54777e4\" data-id=\"54777e4\" data-element_type=\"column\" data-e-type=\"column\">\n\t\t\t<div class=\"elementor-widget-wrap elementor-element-populated\">\n\t\t\t\t\t\t<div class=\"elementor-element elementor-element-b834622 elementor-position-top elementor-widget elementor-widget-image-box\" data-id=\"b834622\" data-element_type=\"widget\" data-e-type=\"widget\" data-widget_type=\"image-box.default\">\n\t\t\t\t<div class=\"elementor-widget-container\">\n\t\t\t\t\t<div class=\"elementor-image-box-wrapper\"><figure class=\"elementor-image-box-img\"><img fetchpriority=\"high\" decoding=\"async\" width=\"1386\" height=\"1386\" src=\"https:\/\/ampacalamonte.es\/wp-content\/uploads\/2023\/12\/Perfil_VICTORIA_webCUADRO.jpg\" class=\"attachment-full size-full wp-image-1721\" alt=\"\" srcset=\"https:\/\/ampacalamonte.es\/wp-content\/uploads\/2023\/12\/Perfil_VICTORIA_webCUADRO.jpg 1386w, https:\/\/ampacalamonte.es\/wp-content\/uploads\/2023\/12\/Perfil_VICTORIA_webCUADRO-300x300.jpg 300w, https:\/\/ampacalamonte.es\/wp-content\/uploads\/2023\/12\/Perfil_VICTORIA_webCUADRO-1024x1024.jpg 1024w, https:\/\/ampacalamonte.es\/wp-content\/uploads\/2023\/12\/Perfil_VICTORIA_webCUADRO-150x150.jpg 150w, https:\/\/ampacalamonte.es\/wp-content\/uploads\/2023\/12\/Perfil_VICTORIA_webCUADRO-768x768.jpg 768w\" sizes=\"(max-width: 1386px) 100vw, 1386px\" \/><\/figure><div class=\"elementor-image-box-content\"><h3 class=\"elementor-image-box-title\">VICTORIA Pe\u00f1ato<\/h3><p class=\"elementor-image-box-description\"><b>Secretaria<\/b><\/p><\/div><\/div>\t\t\t\t<\/div>\n\t\t\t\t<\/div>\n\t\t\t\t\t<\/div>\n\t\t<\/div>\n\t\t\t\t<div class=\"elementor-column elementor-col-33 elementor-inner-column elementor-element elementor-element-6feccae\" data-id=\"6feccae\" data-element_type=\"column\" data-e-type=\"column\">\n\t\t\t<div class=\"elementor-widget-wrap elementor-element-populated\">\n\t\t\t\t\t\t<div class=\"elementor-element elementor-element-722a3c6 elementor-position-top elementor-widget elementor-widget-image-box\" data-id=\"722a3c6\" data-element_type=\"widget\" data-e-type=\"widget\" data-widget_type=\"image-box.default\">\n\t\t\t\t<div class=\"elementor-widget-container\">\n\t\t\t\t\t<div class=\"elementor-image-box-wrapper\"><figure class=\"elementor-image-box-img\"><img decoding=\"async\" width=\"495\" height=\"495\" src=\"https:\/\/ampacalamonte.es\/wp-content\/uploads\/2023\/12\/Perfil_BELEN_webCUADRO.jpg\" class=\"attachment-full size-full wp-image-1722\" alt=\"\" srcset=\"https:\/\/ampacalamonte.es\/wp-content\/uploads\/2023\/12\/Perfil_BELEN_webCUADRO.jpg 495w, https:\/\/ampacalamonte.es\/wp-content\/uploads\/2023\/12\/Perfil_BELEN_webCUADRO-300x300.jpg 300w, https:\/\/ampacalamonte.es\/wp-content\/uploads\/2023\/12\/Perfil_BELEN_webCUADRO-150x150.jpg 150w\" sizes=\"(max-width: 495px) 100vw, 495px\" \/><\/figure><div class=\"elementor-image-box-content\"><h3 class=\"elementor-image-box-title\">Ana BELEN Romo<\/h3><p class=\"elementor-image-box-description\"><b>Tesorera<\/b><\/p><\/div><\/div>\t\t\t\t<\/div>\n\t\t\t\t<\/div>\n\t\t\t\t\t<\/div>\n\t\t<\/div>\n\t\t\t\t<div class=\"elementor-column elementor-col-33 elementor-inner-column elementor-element elementor-element-080f0c5\" data-id=\"080f0c5\" data-element_type=\"column\" data-e-type=\"column\">\n\t\t\t<div class=\"elementor-widget-wrap elementor-element-populated\">\n\t\t\t\t\t\t<div class=\"elementor-element elementor-element-3ab6bf4 elementor-position-top elementor-widget elementor-widget-image-box\" data-id=\"3ab6bf4\" data-element_type=\"widget\" data-e-type=\"widget\" data-widget_type=\"image-box.default\">\n\t\t\t\t<div class=\"elementor-widget-container\">\n\t\t\t\t\t<div class=\"elementor-image-box-wrapper\"><figure class=\"elementor-image-box-img\"><img decoding=\"async\" width=\"929\" height=\"929\" src=\"https:\/\/ampacalamonte.es\/wp-content\/uploads\/2023\/12\/Perfil_FRANBlanco_webCUADRO.jpeg\" class=\"attachment-full size-full wp-image-1723\" alt=\"\" srcset=\"https:\/\/ampacalamonte.es\/wp-content\/uploads\/2023\/12\/Perfil_FRANBlanco_webCUADRO.jpeg 929w, https:\/\/ampacalamonte.es\/wp-content\/uploads\/2023\/12\/Perfil_FRANBlanco_webCUADRO-300x300.jpeg 300w, https:\/\/ampacalamonte.es\/wp-content\/uploads\/2023\/12\/Perfil_FRANBlanco_webCUADRO-150x150.jpeg 150w, https:\/\/ampacalamonte.es\/wp-content\/uploads\/2023\/12\/Perfil_FRANBlanco_webCUADRO-768x768.jpeg 768w\" sizes=\"(max-width: 929px) 100vw, 929px\" \/><\/figure><div class=\"elementor-image-box-content\"><h3 class=\"elementor-image-box-title\">FRAN Blanco<\/h3><p class=\"elementor-image-box-description\"><b>Presidente<\/b><\/p><\/div><\/div>\t\t\t\t<\/div>\n\t\t\t\t<\/div>\n\t\t\t\t\t<\/div>\n\t\t<\/div>\n\t\t\t\t\t<\/div>\n\t\t<\/section>\n\t\t\t\t<section class=\"elementor-section elementor-inner-section elementor-element elementor-element-cbfdffd elementor-section-boxed elementor-section-height-default elementor-section-height-default\" data-id=\"cbfdffd\" data-element_type=\"section\" data-e-type=\"section\" data-settings=\"{&quot;animation&quot;:&quot;none&quot;,&quot;animation_delay&quot;:200}\">\n\t\t\t\t\t\t<div class=\"elementor-container elementor-column-gap-default\">\n\t\t\t\t\t<div class=\"elementor-column elementor-col-33 elementor-inner-column elementor-element elementor-element-663e10b\" data-id=\"663e10b\" data-element_type=\"column\" data-e-type=\"column\">\n\t\t\t<div class=\"elementor-widget-wrap elementor-element-populated\">\n\t\t\t\t\t\t<div class=\"elementor-element elementor-element-65f6d92 elementor-position-top elementor-widget elementor-widget-image-box\" data-id=\"65f6d92\" data-element_type=\"widget\" data-e-type=\"widget\" data-widget_type=\"image-box.default\">\n\t\t\t\t<div class=\"elementor-widget-container\">\n\t\t\t\t\t<div class=\"elementor-image-box-wrapper\"><figure class=\"elementor-image-box-img\"><img loading=\"lazy\" decoding=\"async\" width=\"1080\" height=\"1080\" src=\"https:\/\/ampacalamonte.es\/wp-content\/uploads\/2023\/12\/Perfil_FE_RguezwebCUADRO.jpg\" class=\"attachment-full size-full wp-image-1696\" alt=\"\" srcset=\"https:\/\/ampacalamonte.es\/wp-content\/uploads\/2023\/12\/Perfil_FE_RguezwebCUADRO.jpg 1080w, https:\/\/ampacalamonte.es\/wp-content\/uploads\/2023\/12\/Perfil_FE_RguezwebCUADRO-300x300.jpg 300w, https:\/\/ampacalamonte.es\/wp-content\/uploads\/2023\/12\/Perfil_FE_RguezwebCUADRO-1024x1024.jpg 1024w, https:\/\/ampacalamonte.es\/wp-content\/uploads\/2023\/12\/Perfil_FE_RguezwebCUADRO-150x150.jpg 150w, https:\/\/ampacalamonte.es\/wp-content\/uploads\/2023\/12\/Perfil_FE_RguezwebCUADRO-768x768.jpg 768w\" sizes=\"(max-width: 1080px) 100vw, 1080px\" \/><\/figure><div class=\"elementor-image-box-content\"><h3 class=\"elementor-image-box-title\">FE Rguez.<\/h3><p class=\"elementor-image-box-description\">Vocal<\/p><\/div><\/div>\t\t\t\t<\/div>\n\t\t\t\t<\/div>\n\t\t\t\t\t<\/div>\n\t\t<\/div>\n\t\t\t\t<div class=\"elementor-column elementor-col-33 elementor-inner-column elementor-element elementor-element-f8dc487\" data-id=\"f8dc487\" data-element_type=\"column\" data-e-type=\"column\">\n\t\t\t<div class=\"elementor-widget-wrap elementor-element-populated\">\n\t\t\t\t\t\t<div class=\"elementor-element elementor-element-59caea5 elementor-position-top elementor-widget elementor-widget-image-box\" data-id=\"59caea5\" data-element_type=\"widget\" data-e-type=\"widget\" data-widget_type=\"image-box.default\">\n\t\t\t\t<div class=\"elementor-widget-container\">\n\t\t\t\t\t<div class=\"elementor-image-box-wrapper\"><figure class=\"elementor-image-box-img\"><img loading=\"lazy\" decoding=\"async\" width=\"955\" height=\"954\" src=\"https:\/\/ampacalamonte.es\/wp-content\/uploads\/2023\/12\/Perfil_MARYFarrona_webCUADRO.jpg\" class=\"attachment-full size-full wp-image-1701\" alt=\"\" srcset=\"https:\/\/ampacalamonte.es\/wp-content\/uploads\/2023\/12\/Perfil_MARYFarrona_webCUADRO.jpg 955w, https:\/\/ampacalamonte.es\/wp-content\/uploads\/2023\/12\/Perfil_MARYFarrona_webCUADRO-300x300.jpg 300w, https:\/\/ampacalamonte.es\/wp-content\/uploads\/2023\/12\/Perfil_MARYFarrona_webCUADRO-150x150.jpg 150w, https:\/\/ampacalamonte.es\/wp-content\/uploads\/2023\/12\/Perfil_MARYFarrona_webCUADRO-768x767.jpg 768w\" sizes=\"(max-width: 955px) 100vw, 955px\" \/><\/figure><div class=\"elementor-image-box-content\"><h3 class=\"elementor-image-box-title\">M\u00aa ANGELES Farrona<\/h3><p class=\"elementor-image-box-description\">Vocal<\/p><\/div><\/div>\t\t\t\t<\/div>\n\t\t\t\t<\/div>\n\t\t\t\t\t<\/div>\n\t\t<\/div>\n\t\t\t\t<div class=\"elementor-column elementor-col-33 elementor-inner-column elementor-element elementor-element-28a2da9\" data-id=\"28a2da9\" data-element_type=\"column\" data-e-type=\"column\">\n\t\t\t<div class=\"elementor-widget-wrap elementor-element-populated\">\n\t\t\t\t\t\t<div class=\"elementor-element elementor-element-ab6156a elementor-position-top elementor-widget elementor-widget-image-box\" data-id=\"ab6156a\" data-element_type=\"widget\" data-e-type=\"widget\" data-widget_type=\"image-box.default\">\n\t\t\t\t<div class=\"elementor-widget-container\">\n\t\t\t\t\t<div class=\"elementor-image-box-wrapper\"><figure class=\"elementor-image-box-img\"><img loading=\"lazy\" decoding=\"async\" width=\"933\" height=\"939\" src=\"https:\/\/ampacalamonte.es\/wp-content\/uploads\/2023\/12\/Perfil_MARI_SOL_AlvarezNieto_webCUADRO.jpg\" class=\"attachment-full size-full wp-image-1708\" alt=\"\" srcset=\"https:\/\/ampacalamonte.es\/wp-content\/uploads\/2023\/12\/Perfil_MARI_SOL_AlvarezNieto_webCUADRO.jpg 933w, https:\/\/ampacalamonte.es\/wp-content\/uploads\/2023\/12\/Perfil_MARI_SOL_AlvarezNieto_webCUADRO-298x300.jpg 298w, https:\/\/ampacalamonte.es\/wp-content\/uploads\/2023\/12\/Perfil_MARI_SOL_AlvarezNieto_webCUADRO-150x150.jpg 150w, https:\/\/ampacalamonte.es\/wp-content\/uploads\/2023\/12\/Perfil_MARI_SOL_AlvarezNieto_webCUADRO-768x773.jpg 768w\" sizes=\"(max-width: 933px) 100vw, 933px\" \/><\/figure><div class=\"elementor-image-box-content\"><h3 class=\"elementor-image-box-title\">MARI SOL Alvarez<\/h3><p class=\"elementor-image-box-description\">Vocal<\/p><\/div><\/div>\t\t\t\t<\/div>\n\t\t\t\t<\/div>\n\t\t\t\t\t<\/div>\n\t\t<\/div>\n\t\t\t\t\t<\/div>\n\t\t<\/section>\n\t\t\t\t<section class=\"elementor-section elementor-inner-section elementor-element elementor-element-911336c elementor-section-boxed elementor-section-height-default elementor-section-height-default\" data-id=\"911336c\" data-element_type=\"section\" data-e-type=\"section\" data-settings=\"{&quot;animation&quot;:&quot;none&quot;,&quot;animation_delay&quot;:400}\">\n\t\t\t\t\t\t<div class=\"elementor-container elementor-column-gap-default\">\n\t\t\t\t\t<div class=\"elementor-column elementor-col-33 elementor-inner-column elementor-element elementor-element-c91012f\" data-id=\"c91012f\" data-element_type=\"column\" data-e-type=\"column\">\n\t\t\t<div class=\"elementor-widget-wrap elementor-element-populated\">\n\t\t\t\t\t\t<div class=\"elementor-element elementor-element-6e5e703 elementor-position-top elementor-widget elementor-widget-image-box\" data-id=\"6e5e703\" data-element_type=\"widget\" data-e-type=\"widget\" data-widget_type=\"image-box.default\">\n\t\t\t\t<div class=\"elementor-widget-container\">\n\t\t\t\t\t<div class=\"elementor-image-box-wrapper\"><figure class=\"elementor-image-box-img\"><img decoding=\"async\" src=\"https:\/\/ampacalamonte.es\/wp-content\/uploads\/elementor\/thumbs\/Perfil_MARIA_Vazquez_webCUADRO-qgaeme6loe14fqs8tr63fh24o146xyiw0jg8aqbrbs.jpg\" title=\"Perfil_MARIA_Vazquez_webCUADRO\" alt=\"Perfil_MARIA_Vazquez_webCUADRO\" loading=\"lazy\" \/><\/figure><div class=\"elementor-image-box-content\"><h3 class=\"elementor-image-box-title\">MAR\u00cdA V\u00e1zquez<\/h3><p class=\"elementor-image-box-description\">Vocal<\/p><\/div><\/div>\t\t\t\t<\/div>\n\t\t\t\t<\/div>\n\t\t\t\t\t<\/div>\n\t\t<\/div>\n\t\t\t\t<div class=\"elementor-column elementor-col-33 elementor-inner-column elementor-element elementor-element-78cde2b\" data-id=\"78cde2b\" data-element_type=\"column\" data-e-type=\"column\">\n\t\t\t<div class=\"elementor-widget-wrap elementor-element-populated\">\n\t\t\t\t\t\t<div class=\"elementor-element elementor-element-74f6f73 elementor-position-top elementor-widget elementor-widget-image-box\" data-id=\"74f6f73\" data-element_type=\"widget\" data-e-type=\"widget\" data-widget_type=\"image-box.default\">\n\t\t\t\t<div class=\"elementor-widget-container\">\n\t\t\t\t\t<div class=\"elementor-image-box-wrapper\"><figure class=\"elementor-image-box-img\"><img decoding=\"async\" src=\"https:\/\/ampacalamonte.es\/wp-content\/uploads\/elementor\/thumbs\/Perfil_NAZARET_webCUADRO-qi593a917zxe5zodlaqo9yrh12mhwl3g9jd8j2vj92.jpg\" title=\"Perfil_NAZARET_webCUADRO\" alt=\"Perfil_NAZARET_webCUADRO\" loading=\"lazy\" \/><\/figure><div class=\"elementor-image-box-content\"><h3 class=\"elementor-image-box-title\">NAZARET Gal\u00e1n<\/h3><p class=\"elementor-image-box-description\">Vocal<\/p><\/div><\/div>\t\t\t\t<\/div>\n\t\t\t\t<\/div>\n\t\t\t\t\t<\/div>\n\t\t<\/div>\n\t\t\t\t<div class=\"elementor-column elementor-col-33 elementor-inner-column elementor-element elementor-element-ad251a8\" data-id=\"ad251a8\" data-element_type=\"column\" data-e-type=\"column\">\n\t\t\t<div class=\"elementor-widget-wrap elementor-element-populated\">\n\t\t\t\t\t\t<div class=\"elementor-element elementor-element-516da75 elementor-position-top elementor-widget elementor-widget-image-box\" data-id=\"516da75\" data-element_type=\"widget\" data-e-type=\"widget\" data-widget_type=\"image-box.default\">\n\t\t\t\t<div class=\"elementor-widget-container\">\n\t\t\t\t\t<div class=\"elementor-image-box-wrapper\"><figure class=\"elementor-image-box-img\"><img loading=\"lazy\" decoding=\"async\" width=\"410\" height=\"410\" src=\"https:\/\/ampacalamonte.es\/wp-content\/uploads\/2022\/05\/LOGO_AMPA_RECTO_2021a.jpg\" class=\"attachment-large size-large wp-image-1192\" alt=\"\" srcset=\"https:\/\/ampacalamonte.es\/wp-content\/uploads\/2022\/05\/LOGO_AMPA_RECTO_2021a.jpg 410w, https:\/\/ampacalamonte.es\/wp-content\/uploads\/2022\/05\/LOGO_AMPA_RECTO_2021a-300x300.jpg 300w, https:\/\/ampacalamonte.es\/wp-content\/uploads\/2022\/05\/LOGO_AMPA_RECTO_2021a-150x150.jpg 150w\" sizes=\"(max-width: 410px) 100vw, 410px\" \/><\/figure><div class=\"elementor-image-box-content\"><h3 class=\"elementor-image-box-title\">Directiva AMPA<\/h3><p class=\"elementor-image-box-description\"><h3 data-elementor-setting-key=\"title_text\" data-elementor-inline-editing-toolbar=\"none\" data-pen-placeholder=\"Teclea aqu\u00ed...\" style=\"font-family: var( --e-global-typography-primary-font-family ), Sans-serif\">Cursos <\/h3><h3 data-elementor-setting-key=\"title_text\" data-elementor-inline-editing-toolbar=\"none\" data-pen-placeholder=\"Teclea aqu\u00ed...\" style=\"font-family: var( --e-global-typography-primary-font-family ), Sans-serif;font-weight: var( --e-global-typography-primary-font-weight )\">2023-24 y 2024-25<\/h3><\/p><\/div><\/div>\t\t\t\t<\/div>\n\t\t\t\t<\/div>\n\t\t\t\t\t<\/div>\n\t\t<\/div>\n\t\t\t\t\t<\/div>\n\t\t<\/section>\n\t\t\t\t\t<\/div>\n\t\t<\/div>\n\t\t\t\t\t<\/div>\n\t\t<\/section>\n\t\t\t\t<section class=\"elementor-section elementor-top-section elementor-element elementor-element-3976cc3 elementor-section-boxed elementor-section-height-default elementor-section-height-default\" data-id=\"3976cc3\" data-element_type=\"section\" data-e-type=\"section\">\n\t\t\t\t\t\t<div class=\"elementor-container elementor-column-gap-default\">\n\t\t\t\t\t<div class=\"elementor-column elementor-col-50 elementor-top-column elementor-element elementor-element-a7ecff5\" data-id=\"a7ecff5\" data-element_type=\"column\" data-e-type=\"column\">\n\t\t\t<div class=\"elementor-widget-wrap\">\n\t\t\t\t\t\t\t<\/div>\n\t\t<\/div>\n\t\t\t\t<div class=\"elementor-column elementor-col-50 elementor-top-column elementor-element elementor-element-fc03c3f\" data-id=\"fc03c3f\" data-element_type=\"column\" data-e-type=\"column\">\n\t\t\t<div class=\"elementor-widget-wrap\">\n\t\t\t\t\t\t\t<\/div>\n\t\t<\/div>\n\t\t\t\t\t<\/div>\n\t\t<\/section>\n\t\t\t\t<\/div>\n\t\t","protected":false},"excerpt":{"rendered":"<p>QUIENES SOMOS La AMPA San Jos\u00e9 de Calamonte est\u00e1 formada por Madres y Padres que act\u00faan desinteresadamente trabajando por un bien com\u00fan, en beneficio de toda la Comunidad Educativa y salvaguardando los intereses de nuestros hijos. Nuestra Asociaci\u00f3n necesita de la implicaci\u00f3n de todos los padres y madres, porque en la AMPA defendemos los derechos [&hellip;]<\/p>\n","protected":false},"author":2,"featured_media":0,"parent":0,"menu_order":0,"comment_status":"closed","ping_status":"closed","template":"","meta":{"inline_featured_image":false,"footnotes":""},"class_list":["post-135","page","type-page","status-publish","hentry"],"yoast_head":"<!-- This site is optimized with the Yoast SEO plugin v27.6 - https:\/\/yoast.com\/product\/yoast-seo-wordpress\/ -->\n<title>QUIENES SOMOS - AMPA del CEIP &quot;San Jose&quot; de Calamonte<\/title>\n<meta name=\"robots\" content=\"index, follow, max-snippet:-1, max-image-preview:large, max-video-preview:-1\" \/>\n<link rel=\"canonical\" href=\"https:\/\/ampacalamonte.es\/?page_id=135\" \/>\n<meta property=\"og:locale\" content=\"es_ES\" \/>\n<meta property=\"og:type\" content=\"article\" \/>\n<meta property=\"og:title\" content=\"QUIENES SOMOS - AMPA del CEIP &quot;San Jose&quot; de Calamonte\" \/>\n<meta property=\"og:description\" content=\"QUIENES SOMOS La AMPA San Jos\u00e9 de Calamonte est\u00e1 formada por Madres y Padres que act\u00faan desinteresadamente trabajando por un bien com\u00fan, en beneficio de toda la Comunidad Educativa y salvaguardando los intereses de nuestros hijos. Nuestra Asociaci\u00f3n necesita de la implicaci\u00f3n de todos los padres y madres, porque en la AMPA defendemos los derechos [&hellip;]\" \/>\n<meta property=\"og:url\" content=\"https:\/\/ampacalamonte.es\/?page_id=135\" \/>\n<meta property=\"og:site_name\" content=\"AMPA del CEIP &quot;San Jose&quot; de Calamonte\" \/>\n<meta property=\"article:modified_time\" content=\"2026-02-02T06:57:47+00:00\" \/>\n<meta property=\"og:image\" content=\"https:\/\/ampacalamonte.es\/wp-content\/uploads\/2023\/12\/Perfil_VICTORIA_webCUADRO.jpg\" \/>\n\t<meta property=\"og:image:width\" content=\"1386\" \/>\n\t<meta property=\"og:image:height\" content=\"1386\" \/>\n\t<meta property=\"og:image:type\" content=\"image\/jpeg\" \/>\n<meta name=\"twitter:card\" content=\"summary_large_image\" \/>\n<meta name=\"twitter:label1\" content=\"Tiempo de lectura\" \/>\n\t<meta name=\"twitter:data1\" content=\"3 minutos\" \/>\n<script type=\"application\/ld+json\" class=\"yoast-schema-graph\">{\"@context\":\"https:\\\/\\\/schema.org\",\"@graph\":[{\"@type\":\"WebPage\",\"@id\":\"https:\\\/\\\/ampacalamonte.es\\\/?page_id=135\",\"url\":\"https:\\\/\\\/ampacalamonte.es\\\/?page_id=135\",\"name\":\"QUIENES SOMOS - AMPA del CEIP &quot;San Jose&quot; de Calamonte\",\"isPartOf\":{\"@id\":\"https:\\\/\\\/ampacalamonte.es\\\/#website\"},\"primaryImageOfPage\":{\"@id\":\"https:\\\/\\\/ampacalamonte.es\\\/?page_id=135#primaryimage\"},\"image\":{\"@id\":\"https:\\\/\\\/ampacalamonte.es\\\/?page_id=135#primaryimage\"},\"thumbnailUrl\":\"https:\\\/\\\/ampacalamonte.es\\\/wp-content\\\/uploads\\\/2023\\\/12\\\/Perfil_VICTORIA_webCUADRO.jpg\",\"datePublished\":\"2021-11-24T18:00:43+00:00\",\"dateModified\":\"2026-02-02T06:57:47+00:00\",\"breadcrumb\":{\"@id\":\"https:\\\/\\\/ampacalamonte.es\\\/?page_id=135#breadcrumb\"},\"inLanguage\":\"es\",\"potentialAction\":[{\"@type\":\"ReadAction\",\"target\":[\"https:\\\/\\\/ampacalamonte.es\\\/?page_id=135\"]}]},{\"@type\":\"ImageObject\",\"inLanguage\":\"es\",\"@id\":\"https:\\\/\\\/ampacalamonte.es\\\/?page_id=135#primaryimage\",\"url\":\"https:\\\/\\\/ampacalamonte.es\\\/wp-content\\\/uploads\\\/2023\\\/12\\\/Perfil_VICTORIA_webCUADRO.jpg\",\"contentUrl\":\"https:\\\/\\\/ampacalamonte.es\\\/wp-content\\\/uploads\\\/2023\\\/12\\\/Perfil_VICTORIA_webCUADRO.jpg\",\"width\":1386,\"height\":1386},{\"@type\":\"BreadcrumbList\",\"@id\":\"https:\\\/\\\/ampacalamonte.es\\\/?page_id=135#breadcrumb\",\"itemListElement\":[{\"@type\":\"ListItem\",\"position\":1,\"name\":\"Portada\",\"item\":\"https:\\\/\\\/ampacalamonte.es\\\/?page_id=35\"},{\"@type\":\"ListItem\",\"position\":2,\"name\":\"QUIENES SOMOS\"}]},{\"@type\":\"WebSite\",\"@id\":\"https:\\\/\\\/ampacalamonte.es\\\/#website\",\"url\":\"https:\\\/\\\/ampacalamonte.es\\\/\",\"name\":\"AMPA del CEIP \\\"San Jose\\\" de Calamonte\",\"description\":\"AMPA San Jose (CALAMONTE)\",\"publisher\":{\"@id\":\"https:\\\/\\\/ampacalamonte.es\\\/#organization\"},\"potentialAction\":[{\"@type\":\"SearchAction\",\"target\":{\"@type\":\"EntryPoint\",\"urlTemplate\":\"https:\\\/\\\/ampacalamonte.es\\\/?s={search_term_string}\"},\"query-input\":{\"@type\":\"PropertyValueSpecification\",\"valueRequired\":true,\"valueName\":\"search_term_string\"}}],\"inLanguage\":\"es\"},{\"@type\":\"Organization\",\"@id\":\"https:\\\/\\\/ampacalamonte.es\\\/#organization\",\"name\":\"AMPA del CEIP \\\"San Jose\\\" de Calamonte\",\"url\":\"https:\\\/\\\/ampacalamonte.es\\\/\",\"logo\":{\"@type\":\"ImageObject\",\"inLanguage\":\"es\",\"@id\":\"https:\\\/\\\/ampacalamonte.es\\\/#\\\/schema\\\/logo\\\/image\\\/\",\"url\":\"https:\\\/\\\/ampacalamonte.es\\\/wp-content\\\/uploads\\\/2022\\\/05\\\/LOGO_AMPA_RECTO_2021a.jpg\",\"contentUrl\":\"https:\\\/\\\/ampacalamonte.es\\\/wp-content\\\/uploads\\\/2022\\\/05\\\/LOGO_AMPA_RECTO_2021a.jpg\",\"width\":410,\"height\":410,\"caption\":\"AMPA del CEIP \\\"San Jose\\\" de Calamonte\"},\"image\":{\"@id\":\"https:\\\/\\\/ampacalamonte.es\\\/#\\\/schema\\\/logo\\\/image\\\/\"}}]}<\/script>\n<!-- \/ Yoast SEO plugin. -->","yoast_head_json":{"title":"QUIENES SOMOS - AMPA del CEIP &quot;San Jose&quot; de Calamonte","robots":{"index":"index","follow":"follow","max-snippet":"max-snippet:-1","max-image-preview":"max-image-preview:large","max-video-preview":"max-video-preview:-1"},"canonical":"https:\/\/ampacalamonte.es\/?page_id=135","og_locale":"es_ES","og_type":"article","og_title":"QUIENES SOMOS - AMPA del CEIP &quot;San Jose&quot; de Calamonte","og_description":"QUIENES SOMOS La AMPA San Jos\u00e9 de Calamonte est\u00e1 formada por Madres y Padres que act\u00faan desinteresadamente trabajando por un bien com\u00fan, en beneficio de toda la Comunidad Educativa y salvaguardando los intereses de nuestros hijos. Nuestra Asociaci\u00f3n necesita de la implicaci\u00f3n de todos los padres y madres, porque en la AMPA defendemos los derechos [&hellip;]","og_url":"https:\/\/ampacalamonte.es\/?page_id=135","og_site_name":"AMPA del CEIP &quot;San Jose&quot; de Calamonte","article_modified_time":"2026-02-02T06:57:47+00:00","og_image":[{"width":1386,"height":1386,"url":"https:\/\/ampacalamonte.es\/wp-content\/uploads\/2023\/12\/Perfil_VICTORIA_webCUADRO.jpg","type":"image\/jpeg"}],"twitter_card":"summary_large_image","twitter_misc":{"Tiempo de lectura":"3 minutos"},"schema":{"@context":"https:\/\/schema.org","@graph":[{"@type":"WebPage","@id":"https:\/\/ampacalamonte.es\/?page_id=135","url":"https:\/\/ampacalamonte.es\/?page_id=135","name":"QUIENES SOMOS - AMPA del CEIP &quot;San Jose&quot; de Calamonte","isPartOf":{"@id":"https:\/\/ampacalamonte.es\/#website"},"primaryImageOfPage":{"@id":"https:\/\/ampacalamonte.es\/?page_id=135#primaryimage"},"image":{"@id":"https:\/\/ampacalamonte.es\/?page_id=135#primaryimage"},"thumbnailUrl":"https:\/\/ampacalamonte.es\/wp-content\/uploads\/2023\/12\/Perfil_VICTORIA_webCUADRO.jpg","datePublished":"2021-11-24T18:00:43+00:00","dateModified":"2026-02-02T06:57:47+00:00","breadcrumb":{"@id":"https:\/\/ampacalamonte.es\/?page_id=135#breadcrumb"},"inLanguage":"es","potentialAction":[{"@type":"ReadAction","target":["https:\/\/ampacalamonte.es\/?page_id=135"]}]},{"@type":"ImageObject","inLanguage":"es","@id":"https:\/\/ampacalamonte.es\/?page_id=135#primaryimage","url":"https:\/\/ampacalamonte.es\/wp-content\/uploads\/2023\/12\/Perfil_VICTORIA_webCUADRO.jpg","contentUrl":"https:\/\/ampacalamonte.es\/wp-content\/uploads\/2023\/12\/Perfil_VICTORIA_webCUADRO.jpg","width":1386,"height":1386},{"@type":"BreadcrumbList","@id":"https:\/\/ampacalamonte.es\/?page_id=135#breadcrumb","itemListElement":[{"@type":"ListItem","position":1,"name":"Portada","item":"https:\/\/ampacalamonte.es\/?page_id=35"},{"@type":"ListItem","position":2,"name":"QUIENES SOMOS"}]},{"@type":"WebSite","@id":"https:\/\/ampacalamonte.es\/#website","url":"https:\/\/ampacalamonte.es\/","name":"AMPA del CEIP \"San Jose\" de Calamonte","description":"AMPA San Jose (CALAMONTE)","publisher":{"@id":"https:\/\/ampacalamonte.es\/#organization"},"potentialAction":[{"@type":"SearchAction","target":{"@type":"EntryPoint","urlTemplate":"https:\/\/ampacalamonte.es\/?s={search_term_string}"},"query-input":{"@type":"PropertyValueSpecification","valueRequired":true,"valueName":"search_term_string"}}],"inLanguage":"es"},{"@type":"Organization","@id":"https:\/\/ampacalamonte.es\/#organization","name":"AMPA del CEIP \"San Jose\" de Calamonte","url":"https:\/\/ampacalamonte.es\/","logo":{"@type":"ImageObject","inLanguage":"es","@id":"https:\/\/ampacalamonte.es\/#\/schema\/logo\/image\/","url":"https:\/\/ampacalamonte.es\/wp-content\/uploads\/2022\/05\/LOGO_AMPA_RECTO_2021a.jpg","contentUrl":"https:\/\/ampacalamonte.es\/wp-content\/uploads\/2022\/05\/LOGO_AMPA_RECTO_2021a.jpg","width":410,"height":410,"caption":"AMPA del CEIP \"San Jose\" de Calamonte"},"image":{"@id":"https:\/\/ampacalamonte.es\/#\/schema\/logo\/image\/"}}]}},"_links":{"self":[{"href":"https:\/\/ampacalamonte.es\/index.php?rest_route=\/wp\/v2\/pages\/135","targetHints":{"allow":["GET"]}}],"collection":[{"href":"https:\/\/ampacalamonte.es\/index.php?rest_route=\/wp\/v2\/pages"}],"about":[{"href":"https:\/\/ampacalamonte.es\/index.php?rest_route=\/wp\/v2\/types\/page"}],"author":[{"embeddable":true,"href":"https:\/\/ampacalamonte.es\/index.php?rest_route=\/wp\/v2\/users\/2"}],"replies":[{"embeddable":true,"href":"https:\/\/ampacalamonte.es\/index.php?rest_route=%2Fwp%2Fv2%2Fcomments&post=135"}],"version-history":[{"count":280,"href":"https:\/\/ampacalamonte.es\/index.php?rest_route=\/wp\/v2\/pages\/135\/revisions"}],"predecessor-version":[{"id":1968,"href":"https:\/\/ampacalamonte.es\/index.php?rest_route=\/wp\/v2\/pages\/135\/revisions\/1968"}],"wp:attachment":[{"href":"https:\/\/ampacalamonte.es\/index.php?rest_route=%2Fwp%2Fv2%2Fmedia&parent=135"}],"curies":[{"name":"wp","href":"https:\/\/api.w.org\/{rel}","templated":true}]}}